{"id":1704,"date":"2018-11-13T08:52:38","date_gmt":"2018-11-13T06:52:38","guid":{"rendered":"http:\/\/www.lpsarad.ro\/?page_id=1704"},"modified":"2025-12-20T11:19:33","modified_gmt":"2025-12-20T09:19:33","slug":"articole-de-presa","status":"publish","type":"page","link":"https:\/\/www.lpsarad.ro\/?page_id=1704","title":{"rendered":"Articole de pres\u0103"},"content":{"rendered":"\n<h2 class=\"wp-block-heading\"><\/h2>\n\n\n\n<figure class=\"wp-block-embed is-type-wp-embed is-provider-special-arad-ultimele-tiri-din-arad wp-block-embed-special-arad-ultimele-tiri-din-arad\"><div class=\"wp-block-embed__wrapper\">\n<blockquote class=\"wp-embedded-content\" data-secret=\"jFLPaxwDux\"><a href=\"https:\/\/specialarad.ro\/elevii-de-la-liceul-sportiv-bodrogului\/\">Elevii de la Liceul Sportiv au \u00eemp\u0103r\u021bit cadouri \u201ebunicilor\u201d de pe Bodrogului<\/a><\/blockquote><iframe loading=\"lazy\" class=\"wp-embedded-content\" sandbox=\"allow-scripts\" security=\"restricted\" style=\"position: absolute; visibility: hidden;\" title=\"&#8222;Elevii de la Liceul Sportiv au \u00eemp\u0103r\u021bit cadouri \u201ebunicilor\u201d de pe Bodrogului&#8221; &#8211; Special Arad \u00b7 ultimele \u0219tiri din Arad\" src=\"https:\/\/specialarad.ro\/elevii-de-la-liceul-sportiv-bodrogului\/embed\/#?secret=LLTntg2Wvc#?secret=jFLPaxwDux\" data-secret=\"jFLPaxwDux\" width=\"600\" height=\"338\" frameborder=\"0\" marginwidth=\"0\" marginheight=\"0\" scrolling=\"no\"><\/iframe>\n<\/div><\/figure>\n\n\n\n<figure class=\"wp-block-embed is-type-wp-embed is-provider-special-arad-ultimele-tiri-din-arad wp-block-embed-special-arad-ultimele-tiri-din-arad\"><div class=\"wp-block-embed__wrapper\">\n<blockquote class=\"wp-embedded-content\" data-secret=\"ItLZyuPSRO\"><a href=\"https:\/\/specialarad.ro\/liceul-sportiv-ziua-portilor-deschise\/\">Liceul Sportiv a organizat Ziua Por\u021bilor Deschise<\/a><\/blockquote><iframe loading=\"lazy\" class=\"wp-embedded-content\" sandbox=\"allow-scripts\" security=\"restricted\" style=\"position: absolute; visibility: hidden;\" title=\"&#8222;Liceul Sportiv a organizat Ziua Por\u021bilor Deschise&#8221; &#8211; Special Arad \u00b7 ultimele \u0219tiri din Arad\" src=\"https:\/\/specialarad.ro\/liceul-sportiv-ziua-portilor-deschise\/embed\/#?secret=P6dUatCLqu#?secret=ItLZyuPSRO\" data-secret=\"ItLZyuPSRO\" width=\"600\" height=\"338\" frameborder=\"0\" marginwidth=\"0\" marginheight=\"0\" scrolling=\"no\"><\/iframe>\n<\/div><\/figure>\n\n\n\n<figure class=\"wp-block-embed is-type-wp-embed is-provider-special-arad-ultimele-tiri-din-arad wp-block-embed-special-arad-ultimele-tiri-din-arad\"><div class=\"wp-block-embed__wrapper\">\n<blockquote class=\"wp-embedded-content\" data-secret=\"lqS6MLDb8n\"><a href=\"https:\/\/specialarad.ro\/elevii-liceul-cu-program-sportiv-din-arad-primavara\/\">Elevii clasei a VIII-a de la Liceul cu Program Sportiv din Arad promoveaz\u0103 s\u0103n\u0103tatea \u0219i mi\u0219carea \u0219i \u00een acest \u00eenceput de prim\u0103var\u0103<\/a><\/blockquote><iframe loading=\"lazy\" class=\"wp-embedded-content\" sandbox=\"allow-scripts\" security=\"restricted\" style=\"position: absolute; visibility: hidden;\" title=\"&#8222;Elevii clasei a VIII-a de la Liceul cu Program Sportiv din Arad promoveaz\u0103 s\u0103n\u0103tatea \u0219i mi\u0219carea \u0219i \u00een acest \u00eenceput de prim\u0103var\u0103&#8221; &#8211; Special Arad \u00b7 ultimele \u0219tiri din Arad\" src=\"https:\/\/specialarad.ro\/elevii-liceul-cu-program-sportiv-din-arad-primavara\/embed\/#?secret=R6fmHzS75E#?secret=lqS6MLDb8n\" data-secret=\"lqS6MLDb8n\" width=\"600\" height=\"338\" frameborder=\"0\" marginwidth=\"0\" marginheight=\"0\" scrolling=\"no\"><\/iframe>\n<\/div><\/figure>\n\n\n\n<figure class=\"wp-block-embed is-type-wp-embed is-provider-tirea-noastr wp-block-embed-tirea-noastr\"><div class=\"wp-block-embed__wrapper\">\n<blockquote class=\"wp-embedded-content\" data-secret=\"3ON6tfNNIA\"><a href=\"https:\/\/stireanoastra.ro\/invatamant\/a-avut-loc-festivitatea-de-premiere-a-proiectului-datini-si-obiceiuri-multiculturale-de-craciun-si-anul-nou-din-strabuni-din-oameni-buni\/\">A avut loc festivitatea de premiere a proiectului \u201eDatini \u0219i Obiceiuri Multiculturale de Cr\u0103ciun \u0219i Anul Nou \u2013 din Str\u0103buni, din Oameni Buni\u2026\u201d<\/a><\/blockquote><iframe loading=\"lazy\" class=\"wp-embedded-content\" sandbox=\"allow-scripts\" security=\"restricted\" style=\"position: absolute; visibility: hidden;\" title=\"&#8222;A avut loc festivitatea de premiere a proiectului \u201eDatini \u0219i Obiceiuri Multiculturale de Cr\u0103ciun \u0219i Anul Nou \u2013 din Str\u0103buni, din Oameni Buni\u2026\u201d&#8221; &#8211; \u0218tirea Noastr\u0103\" src=\"https:\/\/stireanoastra.ro\/invatamant\/a-avut-loc-festivitatea-de-premiere-a-proiectului-datini-si-obiceiuri-multiculturale-de-craciun-si-anul-nou-din-strabuni-din-oameni-buni\/embed\/#?secret=XK4n1NuVbq#?secret=3ON6tfNNIA\" data-secret=\"3ON6tfNNIA\" width=\"600\" height=\"338\" frameborder=\"0\" marginwidth=\"0\" marginheight=\"0\" scrolling=\"no\"><\/iframe>\n<\/div><\/figure>\n\n\n\n<figure class=\"wp-block-embed is-type-wp-embed is-provider-special-arad-ultimele-tiri-din-arad wp-block-embed-special-arad-ultimele-tiri-din-arad\"><div class=\"wp-block-embed__wrapper\">\n<blockquote class=\"wp-embedded-content\" data-secret=\"1bo3Zs9fpI\"><a href=\"https:\/\/specialarad.ro\/evenimentul-beactive-sarbatorit-la-liceul-sportiv\/\">Evenimentul ,,BeActive&#8221;, s\u0103rb\u0103torit la Liceul Sportiv din Arad \u00een cadrul Zilei Europene a Sportului \u0218colar<\/a><\/blockquote><iframe loading=\"lazy\" class=\"wp-embedded-content\" sandbox=\"allow-scripts\" security=\"restricted\" style=\"position: absolute; visibility: hidden;\" title=\"&#8222;Evenimentul ,,BeActive&#8221;, s\u0103rb\u0103torit la Liceul Sportiv din Arad \u00een cadrul Zilei Europene a Sportului \u0218colar&#8221; &#8211; Special Arad \u00b7 ultimele \u0219tiri din Arad\" src=\"https:\/\/specialarad.ro\/evenimentul-beactive-sarbatorit-la-liceul-sportiv\/embed\/#?secret=c63I243KTr#?secret=1bo3Zs9fpI\" data-secret=\"1bo3Zs9fpI\" width=\"600\" height=\"338\" frameborder=\"0\" marginwidth=\"0\" marginheight=\"0\" scrolling=\"no\"><\/iframe>\n<\/div><\/figure>\n\n\n\n<div class=\"wp-block-file\"><a id=\"wp-block-file--media-eabfb733-6534-4308-94ee-230dcb999cd2\" href=\"https:\/\/www.lpsarad.ro\/wp-content\/uploads\/2023\/10\/site.mp4\">Ziua European\u0103 a Sportului \u0218colar 2023<\/a><a href=\"https:\/\/www.lpsarad.ro\/wp-content\/uploads\/2023\/10\/site.mp4\" class=\"wp-block-file__button wp-element-button\" download aria-describedby=\"wp-block-file--media-eabfb733-6534-4308-94ee-230dcb999cd2\">Descarc\u0103<\/a><\/div>\n\n\n\n<figure class=\"wp-block-embed is-type-wp-embed is-provider-special-arad-ultimele-tiri-din-arad wp-block-embed-special-arad-ultimele-tiri-din-arad\"><div class=\"wp-block-embed__wrapper\">\n<blockquote class=\"wp-embedded-content\" data-secret=\"9PMg8dxgD6\"><a href=\"https:\/\/specialarad.ro\/lps-arad-a-marcat-prin-activitati-specifice-ziua-europeana-a-sportului-scolar-2023-galerie-foto\/\">LPS Arad a marcat prin activit\u0103\u021bi specifice Ziua European\u0103 a Sportului \u0218colar 2023 | GALERIE FOTO<\/a><\/blockquote><iframe loading=\"lazy\" class=\"wp-embedded-content\" sandbox=\"allow-scripts\" security=\"restricted\" style=\"position: absolute; visibility: hidden;\" title=\"&#8222;LPS Arad a marcat prin activit\u0103\u021bi specifice Ziua European\u0103 a Sportului \u0218colar 2023 | GALERIE FOTO&#8221; &#8211; Special Arad \u00b7 ultimele \u0219tiri din Arad\" src=\"https:\/\/specialarad.ro\/lps-arad-a-marcat-prin-activitati-specifice-ziua-europeana-a-sportului-scolar-2023-galerie-foto\/embed\/#?secret=EBM7yXtyZS#?secret=9PMg8dxgD6\" data-secret=\"9PMg8dxgD6\" width=\"600\" height=\"338\" frameborder=\"0\" marginwidth=\"0\" marginheight=\"0\" scrolling=\"no\"><\/iframe>\n<\/div><\/figure>\n\n\n\n<figure class=\"wp-block-embed is-type-wp-embed is-provider-special-arad-ultimele-tiri-din-arad wp-block-embed-special-arad-ultimele-tiri-din-arad\"><div class=\"wp-block-embed__wrapper\">\n<blockquote class=\"wp-embedded-content\" data-secret=\"Ddp1wQeZw8\"><a href=\"https:\/\/specialarad.ro\/daruri-oferite-din-suflet-copiilor-de-la-centrul-de-zi-de-catre-elevii-liceului-cu-program-sportiv-din-arad\/\">Daruri oferite din suflet, copiilor de la Centrul de zi, de c\u0103tre elevii Liceului cu Program Sportiv din Arad<\/a><\/blockquote><iframe loading=\"lazy\" class=\"wp-embedded-content\" sandbox=\"allow-scripts\" security=\"restricted\" style=\"position: absolute; visibility: hidden;\" title=\"&#8222;Daruri oferite din suflet, copiilor de la Centrul de zi, de c\u0103tre elevii Liceului cu Program Sportiv din Arad&#8221; &#8211; Special Arad \u00b7 ultimele \u0219tiri din Arad\" src=\"https:\/\/specialarad.ro\/daruri-oferite-din-suflet-copiilor-de-la-centrul-de-zi-de-catre-elevii-liceului-cu-program-sportiv-din-arad\/embed\/#?secret=VSWgvJTp1M#?secret=Ddp1wQeZw8\" data-secret=\"Ddp1wQeZw8\" width=\"600\" height=\"338\" frameborder=\"0\" marginwidth=\"0\" marginheight=\"0\" scrolling=\"no\"><\/iframe>\n<\/div><\/figure>\n\n\n\n<figure class=\"wp-block-embed is-type-wp-embed is-provider-special-arad-ultimele-tiri-din-arad wp-block-embed-special-arad-ultimele-tiri-din-arad\"><div class=\"wp-block-embed__wrapper\">\n<blockquote class=\"wp-embedded-content\" data-secret=\"ESigFWybgj\"><a href=\"https:\/\/specialarad.ro\/elevi-liceul-sportiv-ghiba-centrul-bodrogului\/\">Elevii de la Liceul Sportiv \u00eempreun\u0103 cu cei de la Ghiba au \u00eemp\u0103r\u021bit cadouri de Pa\u0219ti bunicilor de la centrul de pe Bodrogului<\/a><\/blockquote><iframe loading=\"lazy\" class=\"wp-embedded-content\" sandbox=\"allow-scripts\" security=\"restricted\" style=\"position: absolute; visibility: hidden;\" title=\"&#8222;Elevii de la Liceul Sportiv \u00eempreun\u0103 cu cei de la Ghiba au \u00eemp\u0103r\u021bit cadouri de Pa\u0219ti bunicilor de la centrul de pe Bodrogului&#8221; &#8211; Special Arad \u00b7 ultimele \u0219tiri din Arad\" src=\"https:\/\/specialarad.ro\/elevi-liceul-sportiv-ghiba-centrul-bodrogului\/embed\/#?secret=3KljJcUdjV#?secret=ESigFWybgj\" data-secret=\"ESigFWybgj\" width=\"600\" height=\"338\" frameborder=\"0\" marginwidth=\"0\" marginheight=\"0\" scrolling=\"no\"><\/iframe>\n<\/div><\/figure>\n\n\n\n<p><\/p><p><\/p><p><\/p><p><\/p><p><\/p><p><\/p><p><\/p><p><\/p><p><\/p><p><\/p><p><\/p><p><\/p><p class=\"MsoNormal\"><\/p><p class=\"MsoNormal\"> <span lang=\"RO\">&nbsp;<\/span><\/p>\n\n\n\n<div class=\"wp-block-group\"><div class=\"wp-block-group__inner-container is-layout-constrained wp-block-group-is-layout-constrained\">\n<figure class=\"wp-block-embed is-type-wp-embed is-provider-special-arad-ultimele-tiri-din-arad wp-block-embed-special-arad-ultimele-tiri-din-arad\"><div class=\"wp-block-embed__wrapper\">\n<blockquote class=\"wp-embedded-content\" data-secret=\"OoACbwFbfX\"><a href=\"https:\/\/specialarad.ro\/targul-de-iarna-la-prima-editie-la-liceul-cu-program-sportiv-din-arad\/\">T\u00e2rgul de iarn\u0103, la prima edi\u021bie la Liceul cu Program Sportiv din Arad<\/a><\/blockquote><iframe loading=\"lazy\" class=\"wp-embedded-content\" sandbox=\"allow-scripts\" security=\"restricted\" style=\"position: absolute; visibility: hidden;\" title=\"&#8222;T\u00e2rgul de iarn\u0103, la prima edi\u021bie la Liceul cu Program Sportiv din Arad&#8221; &#8211; Special Arad \u00b7 ultimele \u0219tiri din Arad\" src=\"https:\/\/specialarad.ro\/targul-de-iarna-la-prima-editie-la-liceul-cu-program-sportiv-din-arad\/embed\/#?secret=bl1YzXURD6#?secret=OoACbwFbfX\" data-secret=\"OoACbwFbfX\" width=\"600\" height=\"338\" frameborder=\"0\" marginwidth=\"0\" marginheight=\"0\" scrolling=\"no\"><\/iframe>\n<\/div><\/figure>\n<\/div><\/div>\n\n\n\n<p><\/p><p><\/p><p><\/p><p><\/p><p><\/p><p><\/p><p><\/p><p><\/p><p><\/p><p><\/p><p><\/p><p><\/p><p><\/p><p><\/p><p><\/p><p class=\"MsoNormal\"><\/p><p class=\"MsoNormal\"><\/p><p class=\"MsoNormal\"><\/p><p class=\"MsoNormal\"><\/p><p class=\"MsoNormal\"><\/p><p class=\"MsoNormal\"><\/p><p class=\"MsoNormal\"><\/p><p class=\"MsoNormal\"><\/p><p class=\"MsoNormal\"><\/p><p class=\"MsoNormal\"><\/p><p class=\"MsoNormal\"><\/p><p class=\"MsoNormal\"><\/p><p class=\"MsoNormal\"><\/p>\n\n\n\n<figure class=\"wp-block-embed is-type-wp-embed is-provider-special-arad-ultimele-tiri-din-arad wp-block-embed-special-arad-ultimele-tiri-din-arad\"><div class=\"wp-block-embed__wrapper\">\n<blockquote class=\"wp-embedded-content\" data-secret=\"8uvtf9XhOS\"><a href=\"https:\/\/specialarad.ro\/politistii-aradeni-in-actiune-de-prevenire-la-liceul-cu-program-sportiv-din-arad\/\">Poli\u021bi\u0219tii ar\u0103deni, \u00een ac\u021biune de prevenire la \u201eLiceul cu Program Sportiv\u201d din Arad<\/a><\/blockquote><iframe loading=\"lazy\" class=\"wp-embedded-content\" sandbox=\"allow-scripts\" security=\"restricted\" style=\"position: absolute; visibility: hidden;\" title=\"&#8222;Poli\u021bi\u0219tii ar\u0103deni, \u00een ac\u021biune de prevenire la \u201eLiceul cu Program Sportiv\u201d din Arad&#8221; &#8211; Special Arad \u00b7 ultimele \u0219tiri din Arad\" src=\"https:\/\/specialarad.ro\/politistii-aradeni-in-actiune-de-prevenire-la-liceul-cu-program-sportiv-din-arad\/embed\/#?secret=EnvC01vuxy#?secret=8uvtf9XhOS\" data-secret=\"8uvtf9XhOS\" width=\"600\" height=\"338\" frameborder=\"0\" marginwidth=\"0\" marginheight=\"0\" scrolling=\"no\"><\/iframe>\n<\/div><\/figure>\n\n\n\n<figure class=\"wp-block-embed is-type-wp-embed is-provider-special-arad-ultimele-tiri-din-arad wp-block-embed-special-arad-ultimele-tiri-din-arad\"><div class=\"wp-block-embed__wrapper\">\n<blockquote class=\"wp-embedded-content\" data-secret=\"vT9qcn1FgW\"><a href=\"https:\/\/specialarad.ro\/educatia-scoala-si-sportul-fac-cea-mai-buna-casa-de-1-iunie-elevii-liceului-sportiv-din-arad-in-schimb-de-experienta-cu-cei-de-la-liceul-sportiv-din-deva\/\">Educa\u021bia, \u0219coala \u0219i sportul fac cea mai bun\u0103 cas\u0103! De 1 iunie, elevii Liceului Sportiv din Arad, \u00een schimb de experien\u021b\u0103 cu cei de la Liceul Sportiv din Deva<\/a><\/blockquote><iframe loading=\"lazy\" class=\"wp-embedded-content\" sandbox=\"allow-scripts\" security=\"restricted\" style=\"position: absolute; visibility: hidden;\" title=\"&#8222;Educa\u021bia, \u0219coala \u0219i sportul fac cea mai bun\u0103 cas\u0103! De 1 iunie, elevii Liceului Sportiv din Arad, \u00een schimb de experien\u021b\u0103 cu cei de la Liceul Sportiv din Deva&#8221; &#8211; Special Arad \u00b7 ultimele \u0219tiri din Arad\" src=\"https:\/\/specialarad.ro\/educatia-scoala-si-sportul-fac-cea-mai-buna-casa-de-1-iunie-elevii-liceului-sportiv-din-arad-in-schimb-de-experienta-cu-cei-de-la-liceul-sportiv-din-deva\/embed\/#?secret=oChsOdaeDA#?secret=vT9qcn1FgW\" data-secret=\"vT9qcn1FgW\" width=\"600\" height=\"338\" frameborder=\"0\" marginwidth=\"0\" marginheight=\"0\" scrolling=\"no\"><\/iframe>\n<\/div><\/figure>\n\n\n\n<figure class=\"wp-block-image\"><img decoding=\"async\" src=\"https:\/\/www.glsa.ro\/wp-content\/uploads\/2022\/04\/gradi.jpg\" alt=\"\"\/><\/figure>\n\n\n\n<h1 class=\"wp-block-heading has-text-align-left\">                           <a href=\"https:\/\/glsa.ro\/in-asteptarea-iepurasului-micutii-de-le-gradinita-pp4-din-bujac-au-vopsit-ouale\/\" data-type=\"URL\" data-id=\"https:\/\/glsa.ro\/in-asteptarea-iepurasului-micutii-de-le-gradinita-pp4-din-bujac-au-vopsit-ouale\/\"><strong>\u00cen a\u0219teptarea Iepura\u0219ului: micu\u021bii de le Gr\u0103dini\u021ba  PP4 din Bujac au vopsit ou\u0103le<\/strong><\/a><\/h1>\n\n\n\n<figure class=\"wp-block-embed is-type-wp-embed is-provider-critic-arad wp-block-embed-critic-arad\"><div class=\"wp-block-embed__wrapper\">\n<blockquote class=\"wp-embedded-content\" data-secret=\"icYTOcnCGA\"><a href=\"https:\/\/www.criticarad.ro\/liceul-cu-program-sportiv-din-arad-se-mandreste-cu-altetul-badau-vlad-calificat-la-olimpiada-nationala-a-sportului-scolar\/\">Liceul cu Program Sportiv din Arad se m\u00e2ndre\u0219te cu ALTETUL B\u0103d\u0103u Vlad,  calificat la Olimpiada Na\u021bional\u0103 a Sportului \u0218colar<\/a><\/blockquote><iframe loading=\"lazy\" class=\"wp-embedded-content\" sandbox=\"allow-scripts\" security=\"restricted\" style=\"position: absolute; visibility: hidden;\" title=\"&#8222;Liceul cu Program Sportiv din Arad se m\u00e2ndre\u0219te cu ALTETUL B\u0103d\u0103u Vlad,  calificat la Olimpiada Na\u021bional\u0103 a Sportului \u0218colar&#8221; &#8211; Critic Arad\" src=\"https:\/\/www.criticarad.ro\/liceul-cu-program-sportiv-din-arad-se-mandreste-cu-altetul-badau-vlad-calificat-la-olimpiada-nationala-a-sportului-scolar\/embed\/#?secret=SND8lbfXHc#?secret=icYTOcnCGA\" data-secret=\"icYTOcnCGA\" width=\"600\" height=\"338\" frameborder=\"0\" marginwidth=\"0\" marginheight=\"0\" scrolling=\"no\"><\/iframe>\n<\/div><\/figure>\n\n\n\n<figure class=\"wp-block-embed is-type-wp-embed is-provider-special-arad-ultimele-tiri-din-arad wp-block-embed-special-arad-ultimele-tiri-din-arad\"><div class=\"wp-block-embed__wrapper\">\n<blockquote class=\"wp-embedded-content\" data-secret=\"3UgdJRlkjN\"><a href=\"https:\/\/specialarad.ro\/sarbatoarea-primaverii-vazuta-prin-ochii-copiilor-de-la-liceul-special-sf-maria-si-liceul-sportiv-din-arad\/\">\u201eS\u0103rb\u0103toarea prim\u0103verii\u201d, v\u0103zut\u0103 prin ochii copiilor de la Liceul Special Sf. Maria \u0219i Liceul Sportiv din Arad<\/a><\/blockquote><iframe loading=\"lazy\" class=\"wp-embedded-content\" sandbox=\"allow-scripts\" security=\"restricted\" style=\"position: absolute; visibility: hidden;\" title=\"&#8222;\u201eS\u0103rb\u0103toarea prim\u0103verii\u201d, v\u0103zut\u0103 prin ochii copiilor de la Liceul Special Sf. Maria \u0219i Liceul Sportiv din Arad&#8221; &#8211; Special Arad \u00b7 ultimele \u0219tiri din Arad\" src=\"https:\/\/specialarad.ro\/sarbatoarea-primaverii-vazuta-prin-ochii-copiilor-de-la-liceul-special-sf-maria-si-liceul-sportiv-din-arad\/embed\/#?secret=DcS6R08MBi#?secret=3UgdJRlkjN\" data-secret=\"3UgdJRlkjN\" width=\"600\" height=\"338\" frameborder=\"0\" marginwidth=\"0\" marginheight=\"0\" scrolling=\"no\"><\/iframe>\n<\/div><\/figure>\n\n\n\n<figure class=\"wp-block-embed is-type-wp-embed is-provider-special-arad-ultimele-tiri-din-arad wp-block-embed-special-arad-ultimele-tiri-din-arad\"><div class=\"wp-block-embed__wrapper\">\n<blockquote class=\"wp-embedded-content\" data-secret=\"gqUWuGD5tF\"><a href=\"https:\/\/specialarad.ro\/elevi-si-profesori-ai-liceului-sportiv-din-arad-au-impartit-daruri-de-craciun-familiilor-nevoiase-din-buhani-si-minead\/\">Elevi \u0219i profesori ai Liceului Sportiv din Arad au \u00eemp\u0103r\u021bit daruri de Cr\u0103ciun, familiilor nevoia\u0219e din Buhani \u0219i Minead<\/a><\/blockquote><iframe loading=\"lazy\" class=\"wp-embedded-content\" sandbox=\"allow-scripts\" security=\"restricted\" style=\"position: absolute; visibility: hidden;\" title=\"&#8222;Elevi \u0219i profesori ai Liceului Sportiv din Arad au \u00eemp\u0103r\u021bit daruri de Cr\u0103ciun, familiilor nevoia\u0219e din Buhani \u0219i Minead&#8221; &#8211; Special Arad \u00b7 ultimele \u0219tiri din Arad\" src=\"https:\/\/specialarad.ro\/elevi-si-profesori-ai-liceului-sportiv-din-arad-au-impartit-daruri-de-craciun-familiilor-nevoiase-din-buhani-si-minead\/embed\/#?secret=htynhSd7R1#?secret=gqUWuGD5tF\" data-secret=\"gqUWuGD5tF\" width=\"600\" height=\"338\" frameborder=\"0\" marginwidth=\"0\" marginheight=\"0\" scrolling=\"no\"><\/iframe>\n<\/div><\/figure>\n\n\n\n<h1 class=\"wp-block-heading has-text-align-left\"><a href=\"https:\/\/ziardearad.ro\/elevii-liceului-cu-program-sportiv-din-arad-au-mers-cu-pachete-la-varstnicii-de-pe-bodrogului\" data-type=\"URL\" data-id=\"https:\/\/ziardearad.ro\/elevii-liceului-cu-program-sportiv-din-arad-au-mers-cu-pachete-la-varstnicii-de-pe-bodrogului\">Elevii Liceului cu Program Sportiv din Arad au mers cu pachete la v\u00e2rstnicii de pe Bodrogului<\/a><\/h1>\n\n\n\n<p><\/p>\n\n\n\n<p><\/p>\n\n\n\n<figure class=\"wp-block-image size-full\"><a href=\"https:\/\/www.lpsarad.ro\/wp-content\/uploads\/2023\/02\/270212000_492769315520939_8000246482408889908_n-960x540-1.jpg\"><img loading=\"lazy\" decoding=\"async\" width=\"960\" height=\"540\" src=\"https:\/\/www.lpsarad.ro\/wp-content\/uploads\/2023\/02\/270212000_492769315520939_8000246482408889908_n-960x540-1.jpg\" alt=\"\" class=\"wp-image-4325\" srcset=\"https:\/\/www.lpsarad.ro\/wp-content\/uploads\/2023\/02\/270212000_492769315520939_8000246482408889908_n-960x540-1.jpg 960w, https:\/\/www.lpsarad.ro\/wp-content\/uploads\/2023\/02\/270212000_492769315520939_8000246482408889908_n-960x540-1-300x169.jpg 300w, https:\/\/www.lpsarad.ro\/wp-content\/uploads\/2023\/02\/270212000_492769315520939_8000246482408889908_n-960x540-1-768x432.jpg 768w\" sizes=\"auto, (max-width: 960px) 100vw, 960px\" \/><\/a><figcaption class=\"wp-element-caption\"><strong>Portugalia<\/strong><\/figcaption><\/figure>\n\n\n\n<p><\/p>\n\n\n\n<figure class=\"wp-block-image size-large\"><a href=\"https:\/\/www.lpsarad.ro\/wp-content\/uploads\/2023\/02\/colaj-onss-baschet-1060x540-1.jpg\"><img loading=\"lazy\" decoding=\"async\" width=\"1024\" height=\"522\" src=\"https:\/\/www.lpsarad.ro\/wp-content\/uploads\/2023\/02\/colaj-onss-baschet-1060x540-1-1024x522.jpg\" alt=\"\" class=\"wp-image-4330\" srcset=\"https:\/\/www.lpsarad.ro\/wp-content\/uploads\/2023\/02\/colaj-onss-baschet-1060x540-1-1024x522.jpg 1024w, https:\/\/www.lpsarad.ro\/wp-content\/uploads\/2023\/02\/colaj-onss-baschet-1060x540-1-300x153.jpg 300w, https:\/\/www.lpsarad.ro\/wp-content\/uploads\/2023\/02\/colaj-onss-baschet-1060x540-1-768x391.jpg 768w, https:\/\/www.lpsarad.ro\/wp-content\/uploads\/2023\/02\/colaj-onss-baschet-1060x540-1.jpg 1060w\" sizes=\"auto, (max-width: 1024px) 100vw, 1024px\" \/><\/a><figcaption class=\"wp-element-caption\"><a href=\"https:\/\/specialarad.ro\/wp-content\/uploads\/2022\/03\/colaj-onss-baschet-1060x540.jpg\">Baschet ONSS colaj<\/a><\/figcaption><\/figure>\n\n\n\n<p><\/p>\n\n\n\n<p><strong>Liceul cu Program Sportiv din Arad \u0219i-a deschis por\u021bile pentru micii vizitatori<\/strong><\/p>\n\n\n\n<p>\u00cen data de joi 27 februarie a.c. \u0219i vineri 28 februarie a.c., Liceul cu Program Sportiv din Arad \u0219i-a deschis por\u021bile pentru to\u021bi cei care doresc s\u0103 viziteze \u0219coala, av\u00e2nd \u00een vedere c\u0103 \u00eenscrierile \u00een clasa preg\u0103titoare au \u00eenceput deja.<\/p>\n\n\n\n<p>Domnul director al&nbsp;<strong>Liceului cu Program Sportiv<\/strong>&nbsp;Arad prof.&nbsp;<strong>MANDACHE GHEORGHE<\/strong>, al\u0103turi de cadrele didactice, i-a \u00eent\u00e2mpinat cu bra\u021bele deschise \u0219i cu mult drag pe copila\u0219ii mai multor gr\u0103dini\u021be din Arad, care au venit s\u0103 viziteze clasele preg\u0103titoare.<\/p>\n\n\n\n<p>Pre\u0219colarii au desf\u0103\u0219urat mai multe activit\u0103\u021bi comune \u00eempreun\u0103 cu elevii claselor preg\u0103titoare \u0219i cu domnul director&nbsp;<strong>MANDACHE GHEORGHE <\/strong>care, extrem de \u00eenc\u00e2ntat, s-a al\u0103turat celor mici.<\/p>\n\n\n\n<p>Le amintim tuturor p\u0103rin\u021bilor care doresc s\u0103 viziteze&nbsp;<strong>Liceul cu Program Sportiv<\/strong>&nbsp;din Arad c\u0103 \u0219i vineri 28 februarie a.c., &#8222;por\u021bile vor fi deschise&#8221; pentru toat\u0103 lumea.<\/p>\n\n\n\n<p><a rel=\"noreferrer noopener\" aria-label=\"LINK ARTICOL (se deschide \u00eentr-o fil\u0103 nou\u0103)\" href=\"https:\/\/www.ghidularadean.ro\/stire\/30724\/liceul_cu_program_sportiv_din_arad_%C8%99ia_deschis_por%C8%9Bile_pentru_micii_vizitatori\/\" target=\"_blank\">LINK ARTICOL<\/a><\/p>\n\n\n\n<figure class=\"wp-block-gallery has-nested-images columns-2 is-cropped wp-block-gallery-1 is-layout-flex wp-block-gallery-is-layout-flex\">\n<figure class=\"wp-block-image size-large\"><a href=\"https:\/\/www.lpsarad.ro\/wp-content\/uploads\/2020\/02\/20200227_194700.jpg\"><img loading=\"lazy\" decoding=\"async\" width=\"898\" height=\"828\" data-id=\"3534\" src=\"https:\/\/www.lpsarad.ro\/wp-content\/uploads\/2020\/02\/20200227_194700.jpg\" alt=\"\" class=\"wp-image-3534\" srcset=\"https:\/\/www.lpsarad.ro\/wp-content\/uploads\/2020\/02\/20200227_194700.jpg 898w, https:\/\/www.lpsarad.ro\/wp-content\/uploads\/2020\/02\/20200227_194700-300x277.jpg 300w, https:\/\/www.lpsarad.ro\/wp-content\/uploads\/2020\/02\/20200227_194700-768x708.jpg 768w\" sizes=\"auto, (max-width: 898px) 100vw, 898px\" \/><\/a><\/figure>\n\n\n\n<figure class=\"wp-block-image size-large\"><a href=\"https:\/\/www.lpsarad.ro\/wp-content\/uploads\/2020\/02\/20200227_194745.jpg\"><img loading=\"lazy\" decoding=\"async\" width=\"898\" height=\"832\" data-id=\"3535\" src=\"https:\/\/www.lpsarad.ro\/wp-content\/uploads\/2020\/02\/20200227_194745.jpg\" alt=\"\" class=\"wp-image-3535\" srcset=\"https:\/\/www.lpsarad.ro\/wp-content\/uploads\/2020\/02\/20200227_194745.jpg 898w, https:\/\/www.lpsarad.ro\/wp-content\/uploads\/2020\/02\/20200227_194745-300x278.jpg 300w, https:\/\/www.lpsarad.ro\/wp-content\/uploads\/2020\/02\/20200227_194745-768x712.jpg 768w\" sizes=\"auto, (max-width: 898px) 100vw, 898px\" \/><\/a><\/figure>\n\n\n\n<figure class=\"wp-block-image size-large\"><a href=\"https:\/\/www.lpsarad.ro\/wp-content\/uploads\/2020\/02\/20200227_194955-1024x575.jpg\"><img loading=\"lazy\" decoding=\"async\" width=\"1024\" height=\"575\" data-id=\"3536\" src=\"https:\/\/www.lpsarad.ro\/wp-content\/uploads\/2020\/02\/20200227_194955-1024x575.jpg\" alt=\"\" class=\"wp-image-3536\" srcset=\"https:\/\/www.lpsarad.ro\/wp-content\/uploads\/2020\/02\/20200227_194955-1024x575.jpg 1024w, https:\/\/www.lpsarad.ro\/wp-content\/uploads\/2020\/02\/20200227_194955-300x169.jpg 300w, https:\/\/www.lpsarad.ro\/wp-content\/uploads\/2020\/02\/20200227_194955-768x431.jpg 768w, https:\/\/www.lpsarad.ro\/wp-content\/uploads\/2020\/02\/20200227_194955.jpg 1328w\" sizes=\"auto, (max-width: 1024px) 100vw, 1024px\" \/><\/a><\/figure>\n\n\n\n<figure class=\"wp-block-image size-large\"><a href=\"https:\/\/www.lpsarad.ro\/wp-content\/uploads\/2020\/02\/1582826334_106.jpg\"><img loading=\"lazy\" decoding=\"async\" width=\"800\" height=\"449\" data-id=\"3537\" src=\"https:\/\/www.lpsarad.ro\/wp-content\/uploads\/2020\/02\/1582826334_106.jpg\" alt=\"\" class=\"wp-image-3537\" srcset=\"https:\/\/www.lpsarad.ro\/wp-content\/uploads\/2020\/02\/1582826334_106.jpg 800w, https:\/\/www.lpsarad.ro\/wp-content\/uploads\/2020\/02\/1582826334_106-300x168.jpg 300w, https:\/\/www.lpsarad.ro\/wp-content\/uploads\/2020\/02\/1582826334_106-768x431.jpg 768w\" sizes=\"auto, (max-width: 800px) 100vw, 800px\" \/><\/a><\/figure>\n\n\n\n<figure class=\"wp-block-image size-large\"><a href=\"https:\/\/www.lpsarad.ro\/wp-content\/uploads\/2020\/02\/1582826403_377.jpg\"><img loading=\"lazy\" decoding=\"async\" width=\"800\" height=\"449\" data-id=\"3538\" src=\"https:\/\/www.lpsarad.ro\/wp-content\/uploads\/2020\/02\/1582826403_377.jpg\" alt=\"\" class=\"wp-image-3538\" srcset=\"https:\/\/www.lpsarad.ro\/wp-content\/uploads\/2020\/02\/1582826403_377.jpg 800w, https:\/\/www.lpsarad.ro\/wp-content\/uploads\/2020\/02\/1582826403_377-300x168.jpg 300w, https:\/\/www.lpsarad.ro\/wp-content\/uploads\/2020\/02\/1582826403_377-768x431.jpg 768w\" sizes=\"auto, (max-width: 800px) 100vw, 800px\" \/><\/a><\/figure>\n\n\n\n<figure class=\"wp-block-image size-large\"><a href=\"https:\/\/www.lpsarad.ro\/wp-content\/uploads\/2020\/02\/1582826404_248.jpg\"><img loading=\"lazy\" decoding=\"async\" width=\"800\" height=\"449\" data-id=\"3540\" src=\"https:\/\/www.lpsarad.ro\/wp-content\/uploads\/2020\/02\/1582826404_248.jpg\" alt=\"\" class=\"wp-image-3540\" srcset=\"https:\/\/www.lpsarad.ro\/wp-content\/uploads\/2020\/02\/1582826404_248.jpg 800w, https:\/\/www.lpsarad.ro\/wp-content\/uploads\/2020\/02\/1582826404_248-300x168.jpg 300w, https:\/\/www.lpsarad.ro\/wp-content\/uploads\/2020\/02\/1582826404_248-768x431.jpg 768w\" sizes=\"auto, (max-width: 800px) 100vw, 800px\" \/><\/a><\/figure>\n\n\n\n<figure class=\"wp-block-image size-large\"><a href=\"https:\/\/www.lpsarad.ro\/wp-content\/uploads\/2020\/02\/1582826404_362.jpg\"><img loading=\"lazy\" decoding=\"async\" width=\"800\" height=\"660\" data-id=\"3541\" src=\"https:\/\/www.lpsarad.ro\/wp-content\/uploads\/2020\/02\/1582826404_362.jpg\" alt=\"\" class=\"wp-image-3541\" srcset=\"https:\/\/www.lpsarad.ro\/wp-content\/uploads\/2020\/02\/1582826404_362.jpg 800w, https:\/\/www.lpsarad.ro\/wp-content\/uploads\/2020\/02\/1582826404_362-300x248.jpg 300w, https:\/\/www.lpsarad.ro\/wp-content\/uploads\/2020\/02\/1582826404_362-768x634.jpg 768w\" sizes=\"auto, (max-width: 800px) 100vw, 800px\" \/><\/a><\/figure>\n\n\n\n<figure class=\"wp-block-image size-large\"><a href=\"https:\/\/www.lpsarad.ro\/wp-content\/uploads\/2020\/02\/1582826404_394.jpg\"><img loading=\"lazy\" decoding=\"async\" width=\"800\" height=\"449\" data-id=\"3542\" src=\"https:\/\/www.lpsarad.ro\/wp-content\/uploads\/2020\/02\/1582826404_394.jpg\" alt=\"\" class=\"wp-image-3542\" srcset=\"https:\/\/www.lpsarad.ro\/wp-content\/uploads\/2020\/02\/1582826404_394.jpg 800w, https:\/\/www.lpsarad.ro\/wp-content\/uploads\/2020\/02\/1582826404_394-300x168.jpg 300w, https:\/\/www.lpsarad.ro\/wp-content\/uploads\/2020\/02\/1582826404_394-768x431.jpg 768w\" sizes=\"auto, (max-width: 800px) 100vw, 800px\" \/><\/a><\/figure>\n<\/figure>\n\n\n\n<hr size=\"10\" noshade=\"\"\/>\n\n\n\n<p><strong>O zi destinat\u0103 celor mai pure sentimente, la Liceul cu Program Sportiv din Arad<\/strong><\/p>\n\n\n\n<p>Pentru c\u0103 programul \u0219colar al elevilor trebuie s\u0103 fie adaptat fiec\u0103rui elev \u00een parte promov\u00e2nd activit\u0103\u021bi interdisciplinare, cadrele didactice de la Liceul cu Program Sportiv Arad au profitat de ziua de 14 februarie 2020, pentru a-i ajuta pe elevi s\u0103-\u0219i exprime sentimentele, promov\u00e2nd astfel toleran\u021ba \u00een r\u00e2ndul tinerilor. <\/p>\n\n\n\n<p>Elevii \u015fcolii au decorat holul principal cu mesaje pozitive, de iubire. \u00cen pauza mare, \u00een acordurile celor mai faimoase melodii de dragoste, ace\u015ftia au lipit pe spatele colegilor \u015fi a cadrelor didactice mesaje pozitive, transform\u00e2nd astfel o zi ploioas\u0103 de februarie, \u00eentr-una luminoas\u0103 cu multe z\u00e2mbete!<\/p>\n\n\n\n<p>Prin aceste activit\u0103\u021bi, cadrele didactice \u00ee\u0219i doresc s\u0103-i sensibilizeze pe elevi, promov\u00e2nd \u00een\u021belegerea, acceptarea celui de l\u00e2ng\u0103 noi, exprimarea sentimentelor, pacea \u0219i iubirea. <\/p>\n\n\n\n<p>Tot pe parcursul acestei s\u0103pt\u0103m\u00e2ni, odat\u0103 cu vremea frumoas\u0103 de afar\u0103, elevii din loca\u021bia din cartierul Bujac au \u00eenceput un amplu proiect de igienizare \u0219i \u00eengrijire a mediului \u00eenconjur\u0103tor.<\/p>\n\n\n\n<p>Elevii au \u00eenceput cu spa\u021biul \u00eenconjur\u0103tor \u0219colii, iar s\u0103pt\u0103m\u00e2na viitoare, vor continua cu str\u0103zile din apropierea acesteia. Cu siguran\u021b\u0103 acest proiect \u00eei va determina at\u00e2t pe elevi, c\u00e2t \u0219i pe adul\u021bi s\u0103 p\u0103streze mediul curat. <\/p>\n\n\n\n<p><a rel=\"noreferrer noopener\" aria-label=\"LINK ARTICOL (se deschide \u00eentr-o fil\u0103 nou\u0103)\" href=\"https:\/\/www.ghidularadean.ro\/stire\/30619\/o_zi_destinata_celor_mai_pure_sentimente_la_liceul_cu_program_sportiv_din_arad\/\" target=\"_blank\">LINK ARTICOL<\/a><\/p>\n\n\n\n<figure class=\"wp-block-gallery has-nested-images columns-default is-cropped wp-block-gallery-2 is-layout-flex wp-block-gallery-is-layout-flex\">\n<figure class=\"wp-block-image size-large\"><a href=\"https:\/\/www.lpsarad.ro\/wp-content\/uploads\/2020\/02\/20200214_162506-1.jpg\"><img loading=\"lazy\" decoding=\"async\" width=\"768\" height=\"617\" data-id=\"3505\" src=\"https:\/\/www.lpsarad.ro\/wp-content\/uploads\/2020\/02\/20200214_162506-1.jpg\" alt=\"\" class=\"wp-image-3505\" srcset=\"https:\/\/www.lpsarad.ro\/wp-content\/uploads\/2020\/02\/20200214_162506-1.jpg 768w, https:\/\/www.lpsarad.ro\/wp-content\/uploads\/2020\/02\/20200214_162506-1-300x241.jpg 300w\" sizes=\"auto, (max-width: 768px) 100vw, 768px\" \/><\/a><\/figure>\n\n\n\n<figure class=\"wp-block-image size-large\"><a href=\"https:\/\/www.lpsarad.ro\/wp-content\/uploads\/2020\/02\/20200214_162539-1.jpg\"><img loading=\"lazy\" decoding=\"async\" width=\"768\" height=\"743\" data-id=\"3506\" src=\"https:\/\/www.lpsarad.ro\/wp-content\/uploads\/2020\/02\/20200214_162539-1.jpg\" alt=\"\" class=\"wp-image-3506\" srcset=\"https:\/\/www.lpsarad.ro\/wp-content\/uploads\/2020\/02\/20200214_162539-1.jpg 768w, https:\/\/www.lpsarad.ro\/wp-content\/uploads\/2020\/02\/20200214_162539-1-300x290.jpg 300w\" sizes=\"auto, (max-width: 768px) 100vw, 768px\" \/><\/a><\/figure>\n\n\n\n<figure class=\"wp-block-image size-large\"><a href=\"https:\/\/www.lpsarad.ro\/wp-content\/uploads\/2020\/02\/20200214_162554-1.jpg\"><img loading=\"lazy\" decoding=\"async\" width=\"768\" height=\"676\" data-id=\"3507\" src=\"https:\/\/www.lpsarad.ro\/wp-content\/uploads\/2020\/02\/20200214_162554-1.jpg\" alt=\"\" class=\"wp-image-3507\" srcset=\"https:\/\/www.lpsarad.ro\/wp-content\/uploads\/2020\/02\/20200214_162554-1.jpg 768w, https:\/\/www.lpsarad.ro\/wp-content\/uploads\/2020\/02\/20200214_162554-1-300x264.jpg 300w\" sizes=\"auto, (max-width: 768px) 100vw, 768px\" \/><\/a><\/figure>\n\n\n\n<figure class=\"wp-block-image size-large\"><a href=\"https:\/\/www.lpsarad.ro\/wp-content\/uploads\/2020\/02\/20200214_162624-1.jpg\"><img loading=\"lazy\" decoding=\"async\" width=\"768\" height=\"750\" data-id=\"3508\" src=\"https:\/\/www.lpsarad.ro\/wp-content\/uploads\/2020\/02\/20200214_162624-1.jpg\" alt=\"\" class=\"wp-image-3508\" srcset=\"https:\/\/www.lpsarad.ro\/wp-content\/uploads\/2020\/02\/20200214_162624-1.jpg 768w, https:\/\/www.lpsarad.ro\/wp-content\/uploads\/2020\/02\/20200214_162624-1-300x293.jpg 300w\" sizes=\"auto, (max-width: 768px) 100vw, 768px\" \/><\/a><\/figure>\n\n\n\n<figure class=\"wp-block-image size-large\"><a href=\"https:\/\/www.lpsarad.ro\/wp-content\/uploads\/2020\/02\/20200214_162646-1.jpg\"><img loading=\"lazy\" decoding=\"async\" width=\"768\" height=\"682\" data-id=\"3509\" src=\"https:\/\/www.lpsarad.ro\/wp-content\/uploads\/2020\/02\/20200214_162646-1.jpg\" alt=\"\" class=\"wp-image-3509\" srcset=\"https:\/\/www.lpsarad.ro\/wp-content\/uploads\/2020\/02\/20200214_162646-1.jpg 768w, https:\/\/www.lpsarad.ro\/wp-content\/uploads\/2020\/02\/20200214_162646-1-300x266.jpg 300w\" sizes=\"auto, (max-width: 768px) 100vw, 768px\" \/><\/a><\/figure>\n\n\n\n<figure class=\"wp-block-image size-large\"><a href=\"https:\/\/www.lpsarad.ro\/wp-content\/uploads\/2020\/02\/1581690699_63-1.jpg\"><img loading=\"lazy\" decoding=\"async\" width=\"800\" height=\"545\" data-id=\"3510\" src=\"https:\/\/www.lpsarad.ro\/wp-content\/uploads\/2020\/02\/1581690699_63-1.jpg\" alt=\"\" class=\"wp-image-3510\" srcset=\"https:\/\/www.lpsarad.ro\/wp-content\/uploads\/2020\/02\/1581690699_63-1.jpg 800w, https:\/\/www.lpsarad.ro\/wp-content\/uploads\/2020\/02\/1581690699_63-1-300x204.jpg 300w, https:\/\/www.lpsarad.ro\/wp-content\/uploads\/2020\/02\/1581690699_63-1-768x523.jpg 768w\" sizes=\"auto, (max-width: 800px) 100vw, 800px\" \/><\/a><\/figure>\n<\/figure>\n\n\n\n<hr size=\"10\" noshade=\"\"\/>\n\n\n\n<p><strong>Voluntari din Georgia, Turcia \u0219i Grecia \u00een cadrul Proiectului \u201dDiscover\u201d la Liceul cu Program Sportiv Arad<\/strong><\/p>\n\n\n\n<p>AIESEC este un ONG prezent \u00een peste 200 de \u021b\u0103ri, care are ca \u0219i scop dezvoltarea abilit\u0103\u021bilor de lider \u00een tineri. Face acest lucru prin facilitarea schimburilor de experien\u021b\u0103, de c\u0103tre membrii activi (studen\u021bi \u0219i liceeni din jude\u021bul Arad), iar studen\u021bilor din toat\u0103 lumea le este oferit\u0103 posibiliatea de a participa la un program de voluntariat \u00eentr-o \u021bar\u0103 aleas\u0103 de ei.<\/p>\n\n\n\n<p>Proiectul Discover a demarat pe 21 ianuarie \u0219i se va \u00eencheia \u00een luna februarie, pentru Liceul cu Program Sportiv Arad. Municipiul Arad este cuprins pentru prima dat\u0103 \u00een anul 2020, \u00een acest proiect. Aici vor veni voluntari interna\u021bionali din Turcia, Grecia \u0219i Georgia.<\/p>\n\n\n\n<p>\u201dAcest proiect are scopul de a le oferi copiilor deschidere c\u0103tre alte culturi, educa\u021bie nonformal\u0103 \u00een vederea dezvolt\u0103rii unor abilit\u0103\u021bi din sfera inteligen\u021bei emo\u021bionale precum comunicarea, creativitatea, lucrul \u00een echip\u0103, responsabilitatea, con\u0219tientizarea propriilor calit\u0103\u021bi, ca ulterior ace\u0219tia s\u0103 se poat\u0103 integra mai u\u0219or \u00een societate\u201d, au transmis reprezentan\u0163ii AIESEC.<\/p>\n\n\n\n<p>Sesiunile vor fi \u021binute de voluntari interna\u021bionali, care \u00eei vor ajuta pe elevi s\u0103 se dezvolte pe plan \u015fi s\u0103 \u00ee\u0219i \u00eembun\u0103t\u0103\u021beasc\u0103 abilit\u0103\u021bile de limb\u0103 englez\u0103. Reprezentan\u0163ii AIESEC invit\u0103 \u015fcolile \u015fi liceele ce au program gimnazial s\u0103 se al\u0103ture proiectului &#8222;Discover&#8221;.<\/p>\n\n\n\n<p>\u201d\u00cen cadrul proiectului, voluntarii \u0219i -au prezentat \u021b\u0103rile din care provin, tradi\u021biile lor, \u00eemp\u0103rt\u0103\u0219indu-le elevilor no\u0219tri bucuria de a fi \u00een \u021bara noastr\u0103, al\u0103turi de noi. Liceul cu Program Sportiv Arad sus\u021bine acest parteneriat \u0219i vine \u00een sprijinul acestor voluntari prin participarea direct\u0103 la activit\u0103\u021bile comune desf\u0103\u0219urate la clas\u0103 de ace\u0219ti voluntari\u201d a precizat pentru Ghidul Ar\u0103dean prof. \u00eenv. primar Kocsis Maria-Magdalena.<\/p>\n\n\n\n<p><a rel=\"noreferrer noopener\" aria-label=\"LINK ARTICOL (se deschide \u00eentr-o fil\u0103 nou\u0103)\" href=\"https:\/\/www.ghidularadean.ro\/stire\/30466\/voluntari_din_georgia_turcia_%C8%99i_grecia_in_cadrul_proiectului_%E2%80%9Ddiscover%E2%80%9D_la_liceul_cu_program_sportiv_arad.html\" target=\"_blank\">LINK ARTICOL<\/a><\/p>\n\n\n\n<figure class=\"wp-block-gallery has-nested-images columns-2 is-cropped wp-block-gallery-3 is-layout-flex wp-block-gallery-is-layout-flex\">\n<figure class=\"wp-block-image size-large\"><a href=\"https:\/\/www.lpsarad.ro\/wp-content\/uploads\/2020\/02\/20200129_123806-1-1024x602.jpg\"><img loading=\"lazy\" decoding=\"async\" width=\"1024\" height=\"602\" data-id=\"3491\" src=\"https:\/\/www.lpsarad.ro\/wp-content\/uploads\/2020\/02\/20200129_123806-1-1024x602.jpg\" alt=\"\" class=\"wp-image-3491\" srcset=\"https:\/\/www.lpsarad.ro\/wp-content\/uploads\/2020\/02\/20200129_123806-1-1024x602.jpg 1024w, https:\/\/www.lpsarad.ro\/wp-content\/uploads\/2020\/02\/20200129_123806-1-300x176.jpg 300w, https:\/\/www.lpsarad.ro\/wp-content\/uploads\/2020\/02\/20200129_123806-1-768x451.jpg 768w, https:\/\/www.lpsarad.ro\/wp-content\/uploads\/2020\/02\/20200129_123806-1-1536x902.jpg 1536w, https:\/\/www.lpsarad.ro\/wp-content\/uploads\/2020\/02\/20200129_123806-1.jpg 1600w\" sizes=\"auto, (max-width: 1024px) 100vw, 1024px\" \/><\/a><\/figure>\n\n\n\n<figure class=\"wp-block-image size-large\"><a href=\"https:\/\/www.lpsarad.ro\/wp-content\/uploads\/2020\/02\/20200129_130155-1-1024x612.jpg\"><img loading=\"lazy\" decoding=\"async\" width=\"1024\" height=\"612\" data-id=\"3492\" src=\"https:\/\/www.lpsarad.ro\/wp-content\/uploads\/2020\/02\/20200129_130155-1-1024x612.jpg\" alt=\"\" class=\"wp-image-3492\" srcset=\"https:\/\/www.lpsarad.ro\/wp-content\/uploads\/2020\/02\/20200129_130155-1-1024x612.jpg 1024w, https:\/\/www.lpsarad.ro\/wp-content\/uploads\/2020\/02\/20200129_130155-1-300x179.jpg 300w, https:\/\/www.lpsarad.ro\/wp-content\/uploads\/2020\/02\/20200129_130155-1-768x459.jpg 768w, https:\/\/www.lpsarad.ro\/wp-content\/uploads\/2020\/02\/20200129_130155-1-1536x919.jpg 1536w, https:\/\/www.lpsarad.ro\/wp-content\/uploads\/2020\/02\/20200129_130155-1.jpg 1600w\" sizes=\"auto, (max-width: 1024px) 100vw, 1024px\" \/><\/a><\/figure>\n\n\n\n<figure class=\"wp-block-image size-large\"><a href=\"https:\/\/www.lpsarad.ro\/wp-content\/uploads\/2020\/02\/1580296474_163-1.jpg\"><img loading=\"lazy\" decoding=\"async\" width=\"800\" height=\"504\" data-id=\"3493\" src=\"https:\/\/www.lpsarad.ro\/wp-content\/uploads\/2020\/02\/1580296474_163-1.jpg\" alt=\"\" class=\"wp-image-3493\" srcset=\"https:\/\/www.lpsarad.ro\/wp-content\/uploads\/2020\/02\/1580296474_163-1.jpg 800w, https:\/\/www.lpsarad.ro\/wp-content\/uploads\/2020\/02\/1580296474_163-1-300x189.jpg 300w, https:\/\/www.lpsarad.ro\/wp-content\/uploads\/2020\/02\/1580296474_163-1-768x484.jpg 768w\" sizes=\"auto, (max-width: 800px) 100vw, 800px\" \/><\/a><\/figure>\n<\/figure>\n\n\n\n<hr size=\"10\" noshade=\"\"\/>\n\n\n\n<p><strong>Ziua \u201eCake Day\u201d la Liceul cu Program Sportiv Arad<\/strong><\/p>\n\n\n\n<p>Mult\u0103 bun\u0103voie, veselie \u0219i spor de munc\u0103 a fost \u00een data zilei de joi 21 noiembrie a.c., la Liceul cu Program Sportiv Arad, unde elevii \u00eempreun\u0103 cu p\u0103rin\u021bii \u0219i cadrele didactice de la  Liceul cu Program Sportiv Arad (loca\u021bia Gai n.r.) s-au \u00eendulcit \u00een cadrul activit\u0103\u021bii interdisciplinare  \u201eCake Day\u201d. Fiindc\u0103 procesul instructiv-educativ se realizeaz\u0103 \u00eentr-o str\u00e2ns\u0103 leg\u0103tur\u0103 cu p\u0103rin\u021bii \u0219i al\u021bi participan\u021bi ai comunit\u0103\u021bii, cadrele didactice s-au g\u00e2ndit s\u0103 organizeze cu elevii \u0219i p\u0103rin\u021bii o activitate cu scop caritabil.<\/p>\n\n\n\n<p>\u201dActivitatea caritabil\u0103 \u201eCake Day\u201d este o activitate cu tradi\u021bie \u00een \u0219coala noastr\u0103, care const\u0103 \u00eentr-un t\u00e2rg unde se ofer\u0103 doar pr\u0103jituri de cas\u0103, preparate de elevi \u0219i p\u0103rin\u021bii acestora. Grupul \u021bint\u0103 al acestei activit\u0103\u021bi a fost alc\u0103tuit din elevii de la clasele primare \u0219i gimnaziale din localul Gai. Ca dovad\u0103 c\u0103 educabilii \u00eenva\u021b\u0103 la \u0219coal\u0103 despre toleran\u021b\u0103 \u0219i altruism, ace\u0219tia au hot\u0103r\u00e2t ca banii care s-au adunat \u00een urma degust\u0103rilor de pr\u0103jituri s\u0103 fie folosi\u021bi pentru a lua cadouri colegilor mai mici, din clasele primare\u201d a precizat directorul adjunct al unit\u0103\u021bii de \u00eenv\u0103\u021b\u0103m\u00e2nt, doamna Kuschausen Cristina.<\/p>\n\n\n\n<p>Cadrele didactice mul\u021bumesc at\u00e2t p\u0103rin\u021bilor pentru efortul depus, c\u00e2t \u0219i celorlal\u021bi reprezentan\u021bi ai comunit\u0103\u021bii care au participat la aceast\u0103 frumoas\u0103 activitate. De remarcat este faptul c\u0103 la Liceul cu Program Sportiv Arad cadrele didactice se implic\u0103 \u00een foarte multe activit\u0103\u021bi educative, care ajut\u0103 la o bun\u0103 educa\u021bie a elevilor \u0219i le dezvolt\u0103 deprinderea de a d\u0103rui.<\/p>\n\n\n\n<p> <a rel=\"noreferrer noopener\" href=\"https:\/\/www.ghidularadean.ro\/stire\/29798\/ziua_cake_day_la_liceul_cu_program_sportiv_arad_vezi_foto.html\" target=\"_blank\">LINK ARTICOL<\/a> <\/p>\n\n\n\n<figure class=\"wp-block-gallery has-nested-images columns-2 is-cropped wp-block-gallery-4 is-layout-flex wp-block-gallery-is-layout-flex\">\n<figure class=\"wp-block-image size-large\"><a href=\"https:\/\/www.lpsarad.ro\/wp-content\/uploads\/2019\/11\/2d1d533f-b5ed-49af-b410-c7e117c43a18-768x1024.jpg\"><img loading=\"lazy\" decoding=\"async\" width=\"768\" height=\"1024\" data-id=\"3414\" src=\"https:\/\/www.lpsarad.ro\/wp-content\/uploads\/2019\/11\/2d1d533f-b5ed-49af-b410-c7e117c43a18-768x1024.jpg\" alt=\"\" class=\"wp-image-3414\" srcset=\"https:\/\/www.lpsarad.ro\/wp-content\/uploads\/2019\/11\/2d1d533f-b5ed-49af-b410-c7e117c43a18-768x1024.jpg 768w, https:\/\/www.lpsarad.ro\/wp-content\/uploads\/2019\/11\/2d1d533f-b5ed-49af-b410-c7e117c43a18-225x300.jpg 225w, https:\/\/www.lpsarad.ro\/wp-content\/uploads\/2019\/11\/2d1d533f-b5ed-49af-b410-c7e117c43a18-1152x1536.jpg 1152w, https:\/\/www.lpsarad.ro\/wp-content\/uploads\/2019\/11\/2d1d533f-b5ed-49af-b410-c7e117c43a18.jpg 1200w\" sizes=\"auto, (max-width: 768px) 100vw, 768px\" \/><\/a><\/figure>\n\n\n\n<figure class=\"wp-block-image size-large\"><a href=\"https:\/\/www.lpsarad.ro\/wp-content\/uploads\/2019\/11\/5b31b82a-4f1a-4ef6-89b2-f52c246a2dac-768x1024.jpg\"><img loading=\"lazy\" decoding=\"async\" width=\"768\" height=\"1024\" data-id=\"3415\" src=\"https:\/\/www.lpsarad.ro\/wp-content\/uploads\/2019\/11\/5b31b82a-4f1a-4ef6-89b2-f52c246a2dac-768x1024.jpg\" alt=\"\" class=\"wp-image-3415\" srcset=\"https:\/\/www.lpsarad.ro\/wp-content\/uploads\/2019\/11\/5b31b82a-4f1a-4ef6-89b2-f52c246a2dac-768x1024.jpg 768w, https:\/\/www.lpsarad.ro\/wp-content\/uploads\/2019\/11\/5b31b82a-4f1a-4ef6-89b2-f52c246a2dac-225x300.jpg 225w, https:\/\/www.lpsarad.ro\/wp-content\/uploads\/2019\/11\/5b31b82a-4f1a-4ef6-89b2-f52c246a2dac-1152x1536.jpg 1152w, https:\/\/www.lpsarad.ro\/wp-content\/uploads\/2019\/11\/5b31b82a-4f1a-4ef6-89b2-f52c246a2dac.jpg 1200w\" sizes=\"auto, (max-width: 768px) 100vw, 768px\" \/><\/a><\/figure>\n\n\n\n<figure class=\"wp-block-image size-large\"><a href=\"https:\/\/www.lpsarad.ro\/wp-content\/uploads\/2019\/11\/1574427600_357.jpg\"><img loading=\"lazy\" decoding=\"async\" width=\"800\" height=\"507\" data-id=\"3416\" src=\"https:\/\/www.lpsarad.ro\/wp-content\/uploads\/2019\/11\/1574427600_357.jpg\" alt=\"\" class=\"wp-image-3416\" srcset=\"https:\/\/www.lpsarad.ro\/wp-content\/uploads\/2019\/11\/1574427600_357.jpg 800w, https:\/\/www.lpsarad.ro\/wp-content\/uploads\/2019\/11\/1574427600_357-300x190.jpg 300w, https:\/\/www.lpsarad.ro\/wp-content\/uploads\/2019\/11\/1574427600_357-768x487.jpg 768w\" sizes=\"auto, (max-width: 800px) 100vw, 800px\" \/><\/a><\/figure>\n\n\n\n<figure class=\"wp-block-image size-large\"><a href=\"https:\/\/www.lpsarad.ro\/wp-content\/uploads\/2019\/11\/b0416308-db0c-4638-bfa4-4a8819a41374-768x1024.jpg\"><img loading=\"lazy\" decoding=\"async\" width=\"768\" height=\"1024\" data-id=\"3417\" src=\"https:\/\/www.lpsarad.ro\/wp-content\/uploads\/2019\/11\/b0416308-db0c-4638-bfa4-4a8819a41374-768x1024.jpg\" alt=\"\" class=\"wp-image-3417\" srcset=\"https:\/\/www.lpsarad.ro\/wp-content\/uploads\/2019\/11\/b0416308-db0c-4638-bfa4-4a8819a41374-768x1024.jpg 768w, https:\/\/www.lpsarad.ro\/wp-content\/uploads\/2019\/11\/b0416308-db0c-4638-bfa4-4a8819a41374-225x300.jpg 225w, https:\/\/www.lpsarad.ro\/wp-content\/uploads\/2019\/11\/b0416308-db0c-4638-bfa4-4a8819a41374-1152x1536.jpg 1152w, https:\/\/www.lpsarad.ro\/wp-content\/uploads\/2019\/11\/b0416308-db0c-4638-bfa4-4a8819a41374.jpg 1200w\" sizes=\"auto, (max-width: 768px) 100vw, 768px\" \/><\/a><\/figure>\n<\/figure>\n\n\n\n<hr size=\"10\" noshade=\"\"\/>\n\n\n\n<p><strong>Scriitoarea Lucia Bibar\u021b \u0219i o zi de pomin\u0103, la Liceul cu Program Sportiv din Arad<\/strong><\/p>\n\n\n\n<p>Fiecare jude\u021b \u00ee\u0219i are scriitorii s\u0103i valoro\u0219i, contemporani. Aceste personalit\u0103\u021bi literare sunt adev\u0103rate modele de cultur\u0103, talent \u0219i nu \u00een ultimul r\u00e2nd, de conduit\u0103 moral\u0103. Invitarea lor \u00een mijlocul elevilor poate deveni o experien\u021b\u0103 benefic\u0103 \u00een educarea elevilor, \u00een trezirea interesului lor pentru lectur\u0103.<\/p>\n\n\n\n<p>La ini\u021biativa doamnei prof. Kocsis Maria-Magdalena, echipa de proiect format\u0103 din doamnele prof. Cucu Nadia, Noghi Maria, Bonca Simona, P\u0103curar Carolina \u0219i Mihalca Anne-Marie, \u00eempreun\u0103 cu elevii ciclului primar ai Liceului cu Program Sportiv Arad, s-au \u00eent\u00e2lnit cu Pre\u0219edinta Ligii Scriitorilor Arad, d-na LUCIA BIBAR\u021a.<\/p>\n\n\n\n<p>Prin amabilitatea doamnei scriitoare Lucia Bibar\u021b, copiii au p\u0103\u0219it \u00een lumea volumului O ZI DE POMIN\u0102, un volum pe gustul celor mici, cu \u00eent\u00e2mpl\u0103ri hazlii.<\/p>\n\n\n\n<p>Copiii au fost foarte entuziasma\u021bi de \u00eent\u00e2lnire, au avut posibilitatea de a-i adresa \u00eentreb\u0103ri d-nei Lucia, dar au \u0219i lecturat scurte \u00eent\u00e2mpl\u0103ri din volumul mai sus amintit.<\/p>\n\n\n\n<p>&#8222;Am avut bucuria s\u0103 cunosc, \u00eentr-o toamn\u0103 plin\u0103 de culoare,dincolo de un scriitor, un om cu un suflet mare, a c\u0103rui lumin\u0103 din priviri \u00eemi va r\u0103m\u00e2ne mult timp \u00eentip\u0103rit\u0103 \u00een inim\u0103. V\u0103 mul\u021bumesc pe aceast\u0103 cale, d-na Lucia Bibar\u021b!&#8221;, a declarat pentru Ghidul Ar\u0103dean prof. Kocsis Maria. <\/p>\n\n\n\n<p><a rel=\"noreferrer noopener\" aria-label=\"LINK ARTICOL (se deschide \u00eentr-o fil\u0103 nou\u0103)\" href=\"https:\/\/www.ghidularadean.ro\/stire\/29618\/scriitoarea_lucia_bibar%C8%9B_%C8%99i_o_zi_de_pomina_la_liceul_cu_program_sportiv_din_arad.html\" target=\"_blank\">LINK ARTICOL<\/a><\/p>\n\n\n\n<figure class=\"wp-block-gallery has-nested-images columns-default is-cropped wp-block-gallery-5 is-layout-flex wp-block-gallery-is-layout-flex\">\n<figure class=\"wp-block-image size-large\"><a href=\"https:\/\/www.lpsarad.ro\/wp-content\/uploads\/2019\/11\/IMG-20191106-WA0009-1-768x1024.jpg\"><img loading=\"lazy\" decoding=\"async\" width=\"768\" height=\"1024\" data-id=\"3367\" src=\"https:\/\/www.lpsarad.ro\/wp-content\/uploads\/2019\/11\/IMG-20191106-WA0009-1-768x1024.jpg\" alt=\"\" class=\"wp-image-3367\" srcset=\"https:\/\/www.lpsarad.ro\/wp-content\/uploads\/2019\/11\/IMG-20191106-WA0009-1-768x1024.jpg 768w, https:\/\/www.lpsarad.ro\/wp-content\/uploads\/2019\/11\/IMG-20191106-WA0009-1-225x300.jpg 225w, https:\/\/www.lpsarad.ro\/wp-content\/uploads\/2019\/11\/IMG-20191106-WA0009-1.jpg 1200w\" sizes=\"auto, (max-width: 768px) 100vw, 768px\" \/><\/a><\/figure>\n\n\n\n<figure class=\"wp-block-image size-large\"><a href=\"https:\/\/www.lpsarad.ro\/wp-content\/uploads\/2019\/11\/IMG-20191106-WA0008-1-1024x768.jpg\"><img loading=\"lazy\" decoding=\"async\" width=\"1024\" height=\"768\" data-id=\"3366\" src=\"https:\/\/www.lpsarad.ro\/wp-content\/uploads\/2019\/11\/IMG-20191106-WA0008-1-1024x768.jpg\" alt=\"\" class=\"wp-image-3366\" srcset=\"https:\/\/www.lpsarad.ro\/wp-content\/uploads\/2019\/11\/IMG-20191106-WA0008-1-1024x768.jpg 1024w, https:\/\/www.lpsarad.ro\/wp-content\/uploads\/2019\/11\/IMG-20191106-WA0008-1-300x225.jpg 300w, https:\/\/www.lpsarad.ro\/wp-content\/uploads\/2019\/11\/IMG-20191106-WA0008-1-768x576.jpg 768w, https:\/\/www.lpsarad.ro\/wp-content\/uploads\/2019\/11\/IMG-20191106-WA0008-1.jpg 1600w\" sizes=\"auto, (max-width: 1024px) 100vw, 1024px\" \/><\/a><\/figure>\n\n\n\n<figure class=\"wp-block-image size-large\"><a href=\"https:\/\/www.lpsarad.ro\/wp-content\/uploads\/2019\/11\/1573060815_442.jpg\"><img loading=\"lazy\" decoding=\"async\" width=\"800\" height=\"450\" data-id=\"3365\" src=\"https:\/\/www.lpsarad.ro\/wp-content\/uploads\/2019\/11\/1573060815_442.jpg\" alt=\"\" class=\"wp-image-3365\" srcset=\"https:\/\/www.lpsarad.ro\/wp-content\/uploads\/2019\/11\/1573060815_442.jpg 800w, https:\/\/www.lpsarad.ro\/wp-content\/uploads\/2019\/11\/1573060815_442-300x169.jpg 300w, https:\/\/www.lpsarad.ro\/wp-content\/uploads\/2019\/11\/1573060815_442-768x432.jpg 768w\" sizes=\"auto, (max-width: 800px) 100vw, 800px\" \/><\/a><\/figure>\n<\/figure>\n\n\n\n<hr size=\"10\" noshade=\"\"\/>\n\n\n\n<h4 class=\"wp-block-heading\"><strong>Comisarul Meszar R\u0103zvan al\u0103turi de elevii de clasa a 3-a de la Liceul Sportiv Arad<\/strong><\/h4>\n\n\n\n<p>\u00cen diminea\u021ba zilei de 21 octombrie a.c., Comisarul Meszar R\u0103zvan le-a f\u0103cut o vizit\u0103 elevilor de clasa a 3-a B, de la Liceului cu Program Sportiv din Arad. Elevii au \u00eenv\u0103\u021bat al\u0103turi de poli\u021bi\u0219ti principalele reguli de circula\u021bie.<\/p>\n\n\n\n<p>Aceast\u0103 ac\u021biune a avut ca scop \u00eenv\u0103\u021barea principalelor reguli de circula\u021bie precum \u0219i respectarea lor de c\u0103tre elevii care \u00eenc\u0103 sunt la v\u00e2rsta la care mai au multe de \u00eenv\u0103\u021bat.&nbsp;Activitatea de educa\u021bie rutier\u0103 de ast\u0103zi a fost prev\u0103zut\u0103 \u0219i \u00een proiectul de Parteneriat dintre elevii clasei a 3-a B de la Liceul cu Program Sportiv din Arad \u0219i Biroul Rutier Arad.&nbsp;<\/p>\n\n\n\n<p>La \u00eendrumarea doamnei \u00eenv\u0103\u021b\u0103toare Kocsis Maria-Magdalena, precum \u0219i a Comisarului Meszar R\u0103zvan, copiii au \u00een\u021beles c\u00e2t de important este s\u0103 respecte aceste reguli circula\u021bie, s\u0103 fie aten\u021bi la drum \u0219i s\u0103 poarte \u00eentotdeauna centura de siguran\u021b\u0103 \u00een timp ce c\u0103l\u0103toresc cu un autoturism. Copiii au fost extrem de \u00eenc\u00e2nta\u021bi de aceast\u0103 activitate care a fost o adev\u0103rat\u0103 reu\u0219it\u0103 iar vremea a \u021binut cu ei.&nbsp;Elevii au \u00een\u021beles c\u0103 poli\u021bi\u0219tii sunt prietenii copiilor \u0219i le ap\u0103r\u0103 \u00eentotdeauna via\u021ba.<\/p>\n\n\n\n<p>&#8222;Cu sprijinul domului COMISAR MESZAR R\u0102ZVAN din cadrul INSPECTORATULUI POLI\u021aIEI JUDE\u021aULUI ARAD, BIROUL RUTIER, elevii clasei a 3-a B de la LICEUL cu PROGRAM SPORTIV ARAD au desf\u0103\u0219urat o or\u0103 de educa\u021bie rutier\u0103. Cu acest prilej s-a procedat la prezentarea regulilor de circula\u021bie \u00een vederea prevenirii accidentelor de circula\u021bie pe drumurile publice, \u00een care sunt implica\u021bi uneori elevii&#8221; a precizat doamna \u00eenv\u0103\u021b\u0103toare&nbsp; Kocsis Maria-Magdalena, pentru Ghidul Ar\u0103dean.&nbsp;<\/p>\n\n\n\n<p>&#8222;Prin amabilitatea domnului Comisar R\u0103zvan Meszar s-au distribuit pliante cu materialul &#8222;Siguran\u021b\u0103 de nota 10&#8221; \u0219i c\u0103r\u021bi &#8222;Pepe, copiii \u0219i regulile de circula\u021bie&#8221; \u0219i s-au executat travers\u0103ri la trecerea de pietoni din apropierea \u0219colii&#8221; a mai ad\u0103ugat inimoasa&nbsp; \u00eenv\u0103\u021b\u0103toare Kocsis Maria-Magdalena, de la Liceul cu Program Sportiv Arad.&nbsp;<\/p>\n\n\n\n<p>&#8222;Avem convingerea c\u0103 astfel de activit\u0103\u021bi vin \u00een sprijinul dasc\u0103lilor, care doresc siguran\u021ba copiilor \u00een drum spre \u0219coal\u0103 \u0219i spre cas\u0103&#8221; a precizat \u00eenv\u0103\u021b\u0103toarea Kocsis Maria-Magdalena. <\/p>\n\n\n\n<p><a rel=\"noreferrer noopener\" href=\"https:\/\/www.ghidularadean.ro\/stire\/29453\/comisarul_meszar_razvan_alaturi_de_elevii_de_clasa_a_3a_de_la_liceul_sportiv_arad.html\" target=\"_blank\">LINK ARTICOL<\/a><\/p>\n\n\n\n<figure class=\"wp-block-gallery has-nested-images columns-2 is-cropped wp-block-gallery-6 is-layout-flex wp-block-gallery-is-layout-flex\">\n<figure class=\"wp-block-image size-large\"><a href=\"https:\/\/www.lpsarad.ro\/wp-content\/uploads\/2019\/10\/1571660276_145.jpg\"><img loading=\"lazy\" decoding=\"async\" width=\"800\" height=\"600\" data-id=\"3333\" src=\"https:\/\/www.lpsarad.ro\/wp-content\/uploads\/2019\/10\/1571660276_145.jpg\" alt=\"\" class=\"wp-image-3333\" srcset=\"https:\/\/www.lpsarad.ro\/wp-content\/uploads\/2019\/10\/1571660276_145.jpg 800w, https:\/\/www.lpsarad.ro\/wp-content\/uploads\/2019\/10\/1571660276_145-300x225.jpg 300w, https:\/\/www.lpsarad.ro\/wp-content\/uploads\/2019\/10\/1571660276_145-768x576.jpg 768w\" sizes=\"auto, (max-width: 800px) 100vw, 800px\" \/><\/a><\/figure>\n\n\n\n<figure class=\"wp-block-image size-large\"><a href=\"https:\/\/www.lpsarad.ro\/wp-content\/uploads\/2019\/10\/1571660336_89-768x1024.jpg\"><img loading=\"lazy\" decoding=\"async\" width=\"768\" height=\"1024\" data-id=\"3334\" src=\"https:\/\/www.lpsarad.ro\/wp-content\/uploads\/2019\/10\/1571660336_89-768x1024.jpg\" alt=\"\" class=\"wp-image-3334\" srcset=\"https:\/\/www.lpsarad.ro\/wp-content\/uploads\/2019\/10\/1571660336_89-768x1024.jpg 768w, https:\/\/www.lpsarad.ro\/wp-content\/uploads\/2019\/10\/1571660336_89-225x300.jpg 225w, https:\/\/www.lpsarad.ro\/wp-content\/uploads\/2019\/10\/1571660336_89.jpg 800w\" sizes=\"auto, (max-width: 768px) 100vw, 768px\" \/><\/a><\/figure>\n\n\n\n<figure class=\"wp-block-image size-large\"><a href=\"https:\/\/www.lpsarad.ro\/wp-content\/uploads\/2019\/10\/1571660336_164.jpg\"><img loading=\"lazy\" decoding=\"async\" width=\"800\" height=\"600\" data-id=\"3335\" src=\"https:\/\/www.lpsarad.ro\/wp-content\/uploads\/2019\/10\/1571660336_164.jpg\" alt=\"\" class=\"wp-image-3335\" srcset=\"https:\/\/www.lpsarad.ro\/wp-content\/uploads\/2019\/10\/1571660336_164.jpg 800w, https:\/\/www.lpsarad.ro\/wp-content\/uploads\/2019\/10\/1571660336_164-300x225.jpg 300w, https:\/\/www.lpsarad.ro\/wp-content\/uploads\/2019\/10\/1571660336_164-768x576.jpg 768w\" sizes=\"auto, (max-width: 800px) 100vw, 800px\" \/><\/a><\/figure>\n\n\n\n<figure class=\"wp-block-image size-large\"><a href=\"https:\/\/www.lpsarad.ro\/wp-content\/uploads\/2019\/10\/1571660336_247.jpg\"><img loading=\"lazy\" decoding=\"async\" width=\"800\" height=\"600\" data-id=\"3336\" src=\"https:\/\/www.lpsarad.ro\/wp-content\/uploads\/2019\/10\/1571660336_247.jpg\" alt=\"\" class=\"wp-image-3336\" srcset=\"https:\/\/www.lpsarad.ro\/wp-content\/uploads\/2019\/10\/1571660336_247.jpg 800w, https:\/\/www.lpsarad.ro\/wp-content\/uploads\/2019\/10\/1571660336_247-300x225.jpg 300w, https:\/\/www.lpsarad.ro\/wp-content\/uploads\/2019\/10\/1571660336_247-768x576.jpg 768w\" sizes=\"auto, (max-width: 800px) 100vw, 800px\" \/><\/a><\/figure>\n<\/figure>\n\n\n\n<hr size=\"10\" noshade=\"\"\/>\n\n\n\n<p><strong>Clopo\u021belul a sunat la Liceul cu Program Sportiv Arad<\/strong><\/p>\n\n\n\n<p>Clopo\u021belul veste\u0219te \u00eenceperea unui nou an \u0219colar. A\u0219a a vestit luni diminea\u021ba \u0219i la Liceul cu Program Sportiv Arad, at\u00e2t pentru ciclul primar c\u00e2t \u0219i pentru cel gimnazial, respectiv liceal.<\/p>\n\n\n\n<p>Glasurile copiilor umplu inimile dasc\u0103lilor de bucurie. Un moment \u00eenc\u0103rcat de emo\u021bia revederii. Ei nu \u0219tiu cum tresare inima dasc\u0103lilor la \u00eent\u00e2lnirea cu genera\u021biile de elevi pe care \u00eei conduc pe drumul cunoa\u0219terii \u0219i al devenirii.<\/p>\n\n\n\n<p>A fi dasc\u0103l este un lucru mare, iar la Liceul cu Program Sportiv din Arad, sunt multe cadre didactice, care sunt dasc\u0103li, \u00een adev\u0103ratul sens al cuv\u00e2ntului. Am fost \u0219i noi prezen\u021bi la acest liceu, la festivitatea de deschidere a noului an \u0219colar \u0219i am r\u0103mas profund impresiona\u021bi de emo\u021biile sim\u021bite al\u0103turi de dasc\u0103lii care-\u0219i revedeau elevii, c\u00e2t \u0219i de cei care \u00ee\u0219i \u00eent\u00e2lneau pentru prima dat\u0103 noii elevi.<\/p>\n\n\n\n<p>Am stat de vorb\u0103 cu unul dintre cadrele didactice, un adev\u0103rat dasc\u0103l, am auzit \u0219i \u00een trecut de implicarea dumneaei \u00een tot felul de ac\u021biuni caritabile \u0219i ne-am bucurat de ceea ce ne-a spus.<\/p>\n\n\n\n<p>\u201d\u00centr-un cadru festiv, dasc\u0103lii institu\u021biei noastre, condu\u0219i de domnul director Mandache Gheorghe \u0219i director adjunct d-na Kuschausen Cristina, au \u00eemp\u0103rt\u0103\u0219it cu elevii no\u0219tri bucuria unui nou \u00eenceput. Acestui nou \u00eenceput i s-a al\u0103turat din partea ISJ Arad \u0219i d-na inspector Moler Camelia, care a urat tuturor mult succes \u00een anul \u0219colar 2019-2020. Boboceii \u0219colii noastre au avut o primire festiv\u0103, parcurg\u00e2nd plini de emo\u021bie \u00eempreun\u0103 cu doamna prof. \u00eenv.primar Cucu Nadia Mihaela un tunel de flori, special amenajat pentru ei. A\u0219a cum spunea Sf\u00e2ntul Ioan Gur\u0103 de Aur, &#8222;nu exist\u0103 art\u0103 mai frumoas\u0103 dec\u00e2t arta educa\u021biei. Pictorul \u0219i sculptorul fac doar figuri lipsite de via\u021b\u0103, dar educatorul creeaz\u0103 un chip viu. Uit\u00e2ndu-se la el se bucur\u0103 \u0219i oamenii, se bucur\u0103 \u0219i Dumnezeu.&#8221; A\u0219adar, s\u0103 ne bucur\u0103m de un nou \u00eenceput, al\u0103turi de dragii no\u0219tri elevi, c\u0103rora le ur\u0103m succes, un an \u0219colar plin de satisfac\u021bii\u201d&nbsp;a declarat pentru Ghidul Ar\u0103dean,&nbsp; Kocsis Maria-Magdalena, profesor \u00eenv\u0103\u021b\u0103m\u00e2nt primar al<strong>&nbsp;<\/strong>Liceului cu Program Sportiv Arad.<\/p>\n\n\n\n<p><a rel=\"noreferrer noopener\" aria-label=\"LINK ARTICOL (se deschide \u00eentr-o fil\u0103 nou\u0103)\" href=\"https:\/\/www.ghidularadean.ro\/stire\/28991\/clopo%C8%9Belul_a_sunat_la_liceul_cu_program_sportiv_arad_galerie_foto.html\" target=\"_blank\">LINK ARTICOL<\/a><\/p>\n\n\n\n<figure class=\"wp-block-gallery has-nested-images columns-4 is-cropped wp-block-gallery-7 is-layout-flex wp-block-gallery-is-layout-flex\">\n<figure class=\"wp-block-image size-large\"><a href=\"https:\/\/www.lpsarad.ro\/wp-content\/uploads\/2019\/09\/20190909_194615-1.jpg\"><img loading=\"lazy\" decoding=\"async\" width=\"800\" height=\"699\" data-id=\"2923\" src=\"https:\/\/www.lpsarad.ro\/wp-content\/uploads\/2019\/09\/20190909_194615-1.jpg\" alt=\"\" class=\"wp-image-2923\" srcset=\"https:\/\/www.lpsarad.ro\/wp-content\/uploads\/2019\/09\/20190909_194615-1.jpg 800w, https:\/\/www.lpsarad.ro\/wp-content\/uploads\/2019\/09\/20190909_194615-1-300x262.jpg 300w, https:\/\/www.lpsarad.ro\/wp-content\/uploads\/2019\/09\/20190909_194615-1-768x671.jpg 768w\" sizes=\"auto, (max-width: 800px) 100vw, 800px\" \/><\/a><\/figure>\n\n\n\n<figure class=\"wp-block-image size-large\"><a href=\"https:\/\/www.lpsarad.ro\/wp-content\/uploads\/2019\/09\/20190909_194655-1.jpg\"><img loading=\"lazy\" decoding=\"async\" width=\"720\" height=\"749\" data-id=\"2924\" src=\"https:\/\/www.lpsarad.ro\/wp-content\/uploads\/2019\/09\/20190909_194655-1.jpg\" alt=\"\" class=\"wp-image-2924\" srcset=\"https:\/\/www.lpsarad.ro\/wp-content\/uploads\/2019\/09\/20190909_194655-1.jpg 720w, https:\/\/www.lpsarad.ro\/wp-content\/uploads\/2019\/09\/20190909_194655-1-288x300.jpg 288w\" sizes=\"auto, (max-width: 720px) 100vw, 720px\" \/><\/a><\/figure>\n\n\n\n<figure class=\"wp-block-image size-large\"><a href=\"https:\/\/www.lpsarad.ro\/wp-content\/uploads\/2019\/09\/1568047818_455-1.jpg\"><img loading=\"lazy\" decoding=\"async\" width=\"800\" height=\"571\" data-id=\"2925\" src=\"https:\/\/www.lpsarad.ro\/wp-content\/uploads\/2019\/09\/1568047818_455-1.jpg\" alt=\"\" class=\"wp-image-2925\" srcset=\"https:\/\/www.lpsarad.ro\/wp-content\/uploads\/2019\/09\/1568047818_455-1.jpg 800w, https:\/\/www.lpsarad.ro\/wp-content\/uploads\/2019\/09\/1568047818_455-1-300x214.jpg 300w, https:\/\/www.lpsarad.ro\/wp-content\/uploads\/2019\/09\/1568047818_455-1-768x548.jpg 768w\" sizes=\"auto, (max-width: 800px) 100vw, 800px\" \/><\/a><\/figure>\n\n\n\n<figure class=\"wp-block-image size-large\"><a href=\"https:\/\/www.lpsarad.ro\/wp-content\/uploads\/2019\/09\/1568047877_124-1.jpg\"><img loading=\"lazy\" decoding=\"async\" width=\"800\" height=\"600\" data-id=\"2926\" src=\"https:\/\/www.lpsarad.ro\/wp-content\/uploads\/2019\/09\/1568047877_124-1.jpg\" alt=\"\" class=\"wp-image-2926\" srcset=\"https:\/\/www.lpsarad.ro\/wp-content\/uploads\/2019\/09\/1568047877_124-1.jpg 800w, https:\/\/www.lpsarad.ro\/wp-content\/uploads\/2019\/09\/1568047877_124-1-300x225.jpg 300w, https:\/\/www.lpsarad.ro\/wp-content\/uploads\/2019\/09\/1568047877_124-1-768x576.jpg 768w\" sizes=\"auto, (max-width: 800px) 100vw, 800px\" \/><\/a><\/figure>\n\n\n\n<figure class=\"wp-block-image size-large\"><a href=\"https:\/\/www.lpsarad.ro\/wp-content\/uploads\/2019\/09\/1568047877_177-1.jpg\"><img loading=\"lazy\" decoding=\"async\" width=\"800\" height=\"600\" data-id=\"2927\" src=\"https:\/\/www.lpsarad.ro\/wp-content\/uploads\/2019\/09\/1568047877_177-1.jpg\" alt=\"\" class=\"wp-image-2927\" srcset=\"https:\/\/www.lpsarad.ro\/wp-content\/uploads\/2019\/09\/1568047877_177-1.jpg 800w, https:\/\/www.lpsarad.ro\/wp-content\/uploads\/2019\/09\/1568047877_177-1-300x225.jpg 300w, https:\/\/www.lpsarad.ro\/wp-content\/uploads\/2019\/09\/1568047877_177-1-768x576.jpg 768w\" sizes=\"auto, (max-width: 800px) 100vw, 800px\" \/><\/a><\/figure>\n\n\n\n<figure class=\"wp-block-image size-large\"><a href=\"https:\/\/www.lpsarad.ro\/wp-content\/uploads\/2019\/09\/1568047877_303-1.jpg\"><img loading=\"lazy\" decoding=\"async\" width=\"800\" height=\"600\" data-id=\"2928\" src=\"https:\/\/www.lpsarad.ro\/wp-content\/uploads\/2019\/09\/1568047877_303-1.jpg\" alt=\"\" class=\"wp-image-2928\" srcset=\"https:\/\/www.lpsarad.ro\/wp-content\/uploads\/2019\/09\/1568047877_303-1.jpg 800w, https:\/\/www.lpsarad.ro\/wp-content\/uploads\/2019\/09\/1568047877_303-1-300x225.jpg 300w, https:\/\/www.lpsarad.ro\/wp-content\/uploads\/2019\/09\/1568047877_303-1-768x576.jpg 768w\" sizes=\"auto, (max-width: 800px) 100vw, 800px\" \/><\/a><\/figure>\n\n\n\n<figure class=\"wp-block-image size-large\"><a href=\"https:\/\/www.lpsarad.ro\/wp-content\/uploads\/2019\/09\/IMG-20190909-WA0033-1.jpg\"><img loading=\"lazy\" decoding=\"async\" width=\"768\" height=\"1024\" data-id=\"2929\" src=\"https:\/\/www.lpsarad.ro\/wp-content\/uploads\/2019\/09\/IMG-20190909-WA0033-1-768x1024.jpg\" alt=\"\" class=\"wp-image-2929\" srcset=\"https:\/\/www.lpsarad.ro\/wp-content\/uploads\/2019\/09\/IMG-20190909-WA0033-1-768x1024.jpg 768w, https:\/\/www.lpsarad.ro\/wp-content\/uploads\/2019\/09\/IMG-20190909-WA0033-1-225x300.jpg 225w, https:\/\/www.lpsarad.ro\/wp-content\/uploads\/2019\/09\/IMG-20190909-WA0033-1.jpg 1200w\" sizes=\"auto, (max-width: 768px) 100vw, 768px\" \/><\/a><\/figure>\n<\/figure>\n\n\n\n<hr size=\"10\" noshade=\"\"\/>\n\n\n\n<p><strong>Vineri 10 mai, Liceul Sportiv din Arad \u0219i-a \u201dDeschis Por\u021bile\u201d pentru elevi \u0219i p\u0103rin\u021bi<\/strong><\/p>\n\n\n\n<p>Vineri 10 mai a.c., la Liceul cu Program Sportiv Arad a avut loc Ziua Por\u021bilor Deschise, eveniment la care au fost invita\u021bi at\u00e2t elevii, c\u00e2t \u0219i p\u0103rin\u021bii acestora, precum \u0219i persoanele interesate de oferta educa\u021bional\u0103 a liceului \u0219i de specificul acestuia.&nbsp;<\/p>\n\n\n\n<p>La festivitatea de deschidere am fost onora\u021bi de participarea, \u00een calitate de reprezentant al Inspectoratului \u0218colar Arad, a doamnei inspector profesor CRI\u0218AN MOCUTA MARGARETA, care a ocupat \u00een trecut func\u021bia de director adjunct al liceului nostru \u0219i care a p\u0103strat p\u00e2n\u0103 \u00een prezent o leg\u0103tur\u0103 afectiv\u0103 cu&nbsp;dasc\u0103lii \u0219i fo\u0219tii elevi ai institu\u021biei.&nbsp;<\/p>\n\n\n\n<p>\u201dProgramul zilei a avut&nbsp;\u00een prim plan desf\u0103\u0219urarea unor activit\u0103\u021bi specifice at\u00e2t \u00een incinta liceului nostru, c\u00e2t \u0219i la sala de sport aferent\u0103 acestuia. \u00cen acest sens, \u00een incinta liceului elevii au fost invita\u021bi s\u0103 viziteze s\u0103lile de clase, laboratoarele de informatic\u0103 \u0219i Centrul de Documentare \u0219i Informare, dup\u0103 care s-au deplasat la sala de sport unde au asistat la demonstra\u021bii de judo \u0219i lupte, la jocuri demonstrative, care de altfel sunt specializ\u0103rile liceului nostru, respectiv handbal \u0219i baschet. Activit\u0103\u021bile din cadrul acestui eveniment au fost coordonate de directorul liceului, domnul profesor <strong>MANDACHE GHEORGHE<\/strong>, de doamna director adjunct&nbsp;<strong>KUSCHAUSEN CRISTINA<\/strong>, care \u00eempreun\u0103 cu \u00eentreg corpul profesoral depun o munc\u0103 \u00een echip\u0103, pentru promovarea unei educa\u021bii de calitate \u0219i a sportivilor de performan\u021b\u0103\u201d a precizat pentru Ghidul Ar\u0103dean doamna profesor \u00eenv. primar<strong>&nbsp;KOCSIS MARIA MAGDALENA<\/strong>.&nbsp;<\/p>\n\n\n\n<p>Astfel de evenimente organizate \u00een \u0219colile ar\u0103dene sunt de mare ajutor, at\u00e2t pentru viitorii liceeni, c\u00e2t \u0219i pentru p\u0103rin\u021bii lor, care au posibilitatea de a vedea ce anume se face la aceste \u0219coli, mai ales c\u0103 elevii sunt preg\u0103ti\u021bi pentru performan\u021be sportive. Liceul dispune de o sal\u0103 de sport foarte modern\u0103, curat\u0103, care le ofer\u0103 elevilor tot confortul de care au nevoie. La acest eveniment au avut loc \u0219i c\u00e2teva demonstra\u021bii, iar cei prezen\u021bi au putut observa cum se desf\u0103\u0219oar\u0103 o or\u0103 de sport la specializ\u0103rile liceului. <\/p>\n\n\n\n<p><a rel=\"noreferrer noopener\" aria-label=\"ARTICOL ghidularadean.ro (se deschide \u00eentr-o fil\u0103 nou\u0103)\" href=\"https:\/\/www.ghidularadean.ro\/stire\/27463\/vineri_10_mai_liceul_sportiv_din_arad_%C8%99ia_%E2%80%9Ddeschis_por%C8%9Bile%E2%80%9D_pentru_elevi_%C8%99i_parin%C8%9Bi\/\" target=\"_blank\"><strong>ARTICOL ghidularadean.ro<\/strong><\/a><\/p>\n\n\n\n<hr size=\"10\" noshade=\"\"\/>\n\n\n\n<p><strong>Liceul cu Program Sportiv Arad, amfitrion al unui eveniment consacrat educa\u021biei artistice \u0219i religios-didactice despre S\u0103pt\u0103m\u00e2na Patimilor<\/strong><\/p>\n\n\n\n<p>Ziua de joi, 11 aprilie 2019, a reprezentat pentru copiii ciclului primar din cadrul Liceului cu Program Sportiv un moment de bucurie. Copiii ciclui primar le-a fost prezentat\u0103 Cartea de colorat \u201ePatimile Domnului\u201d, de fapt un material didactic ce promoveaz\u0103 \u00een sine valen\u021bele educativ-artistice \u0219i didactic-cathetice ale Postului Mare \u00een via\u021ba copiilor \u0219colari.<\/p>\n\n\n\n<p>Prin implicarea domnului director prof. Mandache Gheorghe, a doamnei prof. \u00eenv.pre\u0219colar Cucu Nadia, a dl. prof. Zb\u00eercea Dan \u0219i a Pr. Vasile Cucu, secretar eparhial, fiecare copil din unitatea \u0219colar\u0103 a primit \u00een dar din partea Arhiepiscopiei Aradului c\u00e2te un exemplar din Cartea de colorat \u201ePatimile Domnului\u201d. Aceast\u0103 carte de colorat cu un titlu at\u00e2t sugestiv, \u201ePatimile Domnului\u201d, av\u00e2nd autoare pe artista Angela Hanc \u0219i dedicat\u0103 Anului Omagial \u00een Patriarhia Rom\u00e2n\u0103, s-a tip\u0103rit cu binecuv\u00e2ntarea \u00cenaltpreasfin\u021bitului P\u0103rinte Timotei, Arhiepiscopul Aradului. La eveniment a participat doamna prof. Lalyer (Martin) Raluca, inspector \u0219colar pentru \u00eenv\u0103\u021b\u0103m\u00e2ntul primar.<br \/>\nCartea de colorat (tip\u0103rit\u0103 \u00een Editura Arhiepiscopiei) are drept scop stimularea creativit\u0103\u021bii artistice prin arte vizuale \u0219i formarea de abilit\u0103\u021bi practice, oferindu-le copiilor mai multe scene tipice\/clasice S\u0103pt\u0103m\u00e2nii Patimilor din Postul Mare, reprezentate prin culori calde, pline de pace, profunzime, medita\u021bie \u0219i har, imagini care-i ajut\u0103 pe \u0219colarii primelor clase primare s\u0103 cultive interesul pentru tradi\u021biile pascale \u0219i, mai ales, s\u0103-L recunoasc\u0103\/cunoasc\u0103 pe Iisus Hristos prin intermediul imaginii iconice detaliate artistic.<br \/>\nArhim. Teofan Mada, vicar eparhial<\/p>\n\n\n\n<p class=\"has-text-align-left\"><a rel=\"noreferrer noopener\" aria-label=\" (se deschide \u00eentr-o fil\u0103 nou\u0103)\" href=\"http:\/\/www.episcopiaaradului.ro\/2019\/04\/liceul-cu-program-sportiv-arad-amfitrion-a-unui-eveniment-consacrat-educatiei-artistice-si-religios-didactice-despre-saptamana-patimilor\/\" target=\"_blank\">LINK ARTICOL episcopiaaradului.ro<\/a><\/p>\n\n\n\n<p><a rel=\"noreferrer noopener\" aria-label=\" (se deschide \u00eentr-o fil\u0103 nou\u0103)\" href=\"http:\/\/www.livearad.ro\/eveniment-consacrat-educatiei-artistice-si-religios-didactice-despre-saptamana-patimilor-la-liceul-cu-program-sportiv-arad\/\" target=\"_blank\">LINK ARTICOL Live Arad<\/a><\/p>\n\n\n\n<figure class=\"wp-block-image size-large\"><img loading=\"lazy\" decoding=\"async\" width=\"672\" height=\"372\" src=\"https:\/\/www.lpsarad.ro\/wp-content\/uploads\/2020\/01\/image77-672x372-1.jpg\" alt=\"\" class=\"wp-image-3468\" srcset=\"https:\/\/www.lpsarad.ro\/wp-content\/uploads\/2020\/01\/image77-672x372-1.jpg 672w, https:\/\/www.lpsarad.ro\/wp-content\/uploads\/2020\/01\/image77-672x372-1-300x166.jpg 300w\" sizes=\"auto, (max-width: 672px) 100vw, 672px\" \/><\/figure>\n\n\n\n<hr size=\"10\" noshade=\"\"\/>\n\n\n\n<h4 class=\"wp-block-heading\"> <strong>Atmosfer\u0103 incendiar\u0103 la semifinalele Olimpiadei liceelor la baschet!<\/strong><\/h4>\n\n\n\n<p>Zeci de elevi \u0219i-au \u00eencurajat echipele favorite, prezente la sala LPS, joi, \u00een semifinalele Olimpiadei Na\u021bionale a Sportului \u0218colar la baschet masculin \u0219i feminin.<\/p>\n\n\n\n<p>\u00cen competi\u021bia b\u0103ie\u021bilor, forma\u021bia Colegiului Na\u021bional \u201eE. Ghiba-Birta\u201d a beneficiat de cea mai entuziast\u0103 galerie, \u00eens\u0103 favori\u021bii au fost dep\u0103\u0219i\u021bi, scor 48-19, de CN \u201ePreparandia \u2013 D. \u021aichindeal\u201d. \u201ePedagogic\u201d, cu un Marius Iliescu pentru a c\u0103rui evolu\u021bie epitetele sunt prea pu\u021bine, se va duela \u00een ultimul act, vineri, cu gazdele de la LPS. La feminin, \u201ePeda\u201d nu a \u00eent\u00e2mpinat dificult\u0103\u021bi cu fetele de la \u201eCsiky Gergely\u201d, \u00een timp ce Anamaria Glisici \u0219i colegele sale de la \u201eMoise Nicoar\u0103\u201d au trecut la mare lupt\u0103 de LPS Arad.<\/p>\n\n\n\n<p>Campionale Aradului vor reprezenta jude\u021bul la faza zonal\u0103 de s\u0103pt\u0103m\u00e2na viitoare, programat\u0103 la Arad, \u00een cazul fetelor, \u0219i la Timi\u0219ora, \u00een \u00eentrecerea masculin\u0103.<\/p>\n\n\n\n<p>PROGRAM FINALE \u2013 VINERI, 22.02<br \/>ora 9.00 Finala mic\u0103 fete: LPS vs. \u201eCsiky\u201d<br \/>ora 10 Finala mic\u0103 b\u0103ie\u021bi: \u201eGhiba\u201d vs. \u201eMoise\u201d<br \/>ora 11.00 Finala mare fete: \u201ePeda\u201d vs. \u201eMoise\u201d<br \/>ora 12.00 Finala mare b\u0103ie\u021bi: \u201ePeda\u201d vs LPS<\/p>\n\n\n\n<figure class=\"wp-block-embed is-type-video is-provider-youtube wp-block-embed-youtube wp-embed-aspect-16-9 wp-has-aspect-ratio\"><div class=\"wp-block-embed__wrapper\">\n<iframe loading=\"lazy\" title=\"GALERIE ONSS BASCHET ARAD 3\" width=\"640\" height=\"360\" src=\"https:\/\/www.youtube.com\/embed\/MGGkmKrVXes?feature=oembed\" frameborder=\"0\" allow=\"accelerometer; autoplay; clipboard-write; encrypted-media; gyroscope; picture-in-picture; web-share\" referrerpolicy=\"strict-origin-when-cross-origin\" allowfullscreen><\/iframe>\n<\/div><\/figure>\n\n\n\n<p><a href=\"http:\/\/www.aradon.ro\/atmosfera-incendiara-la-semifinalele-olimpiadei-liceelor-la-baschet\/2201209\" target=\"_blank\" rel=\"noreferrer noopener\" aria-label=\" (se deschide \u00eentr-o fil\u0103 nou\u0103)\">LINK ARTICOL<\/a><\/p>\n\n\n\n<hr size=\"10\" noshade=\"\"\/>\n\n\n\n<h4 class=\"wp-block-heading title\"><strong>Gazdele \u0219i-au adjudecat Cupa &#8222;LPS&#8221;<\/strong><\/h4>\n\n\n\n<p>Echipele de handbal ale Liceului cu Program Sportiv Arad (prof. Adriana Inoan \u0219i Ramona K\u00f6r\u00f6si) au reu\u0219it s\u0103 triumfe \u00een a \u0219asea edi\u021bie a Cupei \u201eLPS\u201d, organizat\u0103 la finele s\u0103pt\u0103m\u00e2nii \u00een cocheta sal\u0103 a institu\u021biei de \u00eenv\u0103\u021b\u0103m\u00e2nt din cartierul Bujac.<\/p>\n\n\n\n<p>\u00cen \u00eentrecerea masculin\u0103, LPS juniori I a dispus de Liceul Tehnologic \u201e\u0218tefan Hell\u201d S\u00e2ntana (prof. Iosef H\u00f6niges \u0219i Alin Horvath), scor 18-16 \u0219i de LPS II, 18-15, \u00een cel\u0103lalt meci: S\u00e2ntana vs. LPS II 16-9. La feminin, LPS \u0219i Lic. \u201eJ. G. Tajovsky\u201d N\u0103dlac (prof. Helmuth Bernhardt) \u0219i-au \u00eemp\u0103r\u021bit victoriile, 19-14, respectiv 18-14.<\/p>\n\n\n\n<p>Festivitatea de premiere a fost oficiat\u0103 de prof. Adriana Inoan \u0219i prof. George Mandache, directorul LPS Arad. Competi\u021bia a fost o bun\u0103 repeti\u021bie pentru faza jude\u021bean\u0103 a Olimpiadei Na\u021bionale a Sportului \u0218colar la handbal liceu, programat\u0103 luna viitoare.<\/p>\n\n\n\n<p><a rel=\"noreferrer noopener\" aria-label=\"LINK ARTICOL (se deschide \u00eentr-o fil\u0103 nou\u0103)\" href=\"http:\/\/aradon.ro\/aradon-sport-local\/gazdele-si-au-adjudecat-cupa-lps-54041\/\" target=\"_blank\">LINK ARTICOL<\/a><\/p>\n\n\n\n<figure class=\"wp-block-image size-large\"><img loading=\"lazy\" decoding=\"async\" width=\"650\" height=\"435\" src=\"https:\/\/www.lpsarad.ro\/wp-content\/uploads\/2020\/01\/lps7.jpg\" alt=\"\" class=\"wp-image-3470\" srcset=\"https:\/\/www.lpsarad.ro\/wp-content\/uploads\/2020\/01\/lps7.jpg 650w, https:\/\/www.lpsarad.ro\/wp-content\/uploads\/2020\/01\/lps7-300x201.jpg 300w\" sizes=\"auto, (max-width: 650px) 100vw, 650px\" \/><\/figure>\n\n\n\n<hr size=\"10\" noshade=\"\"\/>\n\n\n\n<h4 class=\"wp-block-heading title\"><strong>Mo\u0219 Cr\u0103ciun a venit \u0219i sub co\u0219<\/strong><\/h4>\n\n\n\n<p>Trei echipe, dou\u0103 din Arad \u0219i una din Ungaria, s-au \u00eent\u00e2lnit \u00een sala Liceului cu Program Sportiv, din cartierul Bujac, \u00eentr-un turneu amical de baschet, prilejuit de s\u0103rb\u0103toarea Cr\u0103ciunului.<\/p>\n\n\n\n<p>\u0218i-au ar\u0103tat dragostea fa\u021b\u0103 de baschet fetele de la LPS Arad (prof. George Mandache) \u2013 campioane jude\u021bene \u00een edi\u021bia trecut\u0103 a Olimpiadei Gimnaziilor, acum proaspete liceene \u2013 emisare ale KS Szentes (Ungaria) \u0219i b\u0103ie\u021bii de la BC Valbon Arad (prof. Valeria \u0219i Bogdan Bondor), la finalul jocurilor fiind r\u0103spl\u0103ti\u021bi cu dulciuri din partea lui Mo\u0219 Cr\u0103ciun.<\/p>\n\n\n\n<p><a rel=\"noreferrer noopener\" aria-label=\"LINK ARTICOL (se deschide \u00eentr-o fil\u0103 nou\u0103)\" href=\"https:\/\/www.aradon.ro\/aradon-sport-local\/mos-craciun-a-venit-si-sub-cos-58763\/\" target=\"_blank\">LINK ARTICOL<\/a><\/p>\n\n\n\n<figure class=\"wp-block-image size-large\"><img loading=\"lazy\" decoding=\"async\" width=\"650\" height=\"435\" src=\"https:\/\/www.lpsarad.ro\/wp-content\/uploads\/2020\/01\/lps-tur-1.jpg\" alt=\"\" class=\"wp-image-3472\" srcset=\"https:\/\/www.lpsarad.ro\/wp-content\/uploads\/2020\/01\/lps-tur-1.jpg 650w, https:\/\/www.lpsarad.ro\/wp-content\/uploads\/2020\/01\/lps-tur-1-300x201.jpg 300w\" sizes=\"auto, (max-width: 650px) 100vw, 650px\" \/><\/figure>\n\n\n\n<hr size=\"10\" noshade=\"\"\/>\n\n\n\n<h4 class=\"wp-block-heading\"><strong>Mo\u0219 Cr\u0103ciun a ajuns deja la copiii nec\u0103ji\u021bi \u0219i le-a dus Cutia cu Suflet din partea elevilor de la Liceul cu Program Sportiv<\/strong><\/h4>\n\n\n\n<p>&nbsp;Acum, \u00een preajma S\u0103rb\u0103torilor de Cr\u0103ciun, cu to\u021bii ne g\u00e2ndim la cei dragi dar \u0219i la copiii nec\u0103ji\u021bi \u0219i Aradul este unul dintre ora\u0219ele \u00een care ac\u021biunile caritabile sunt \u00een num\u0103r foarte mare \u00een aceast\u0103 perioad\u0103.&nbsp;<\/p>\n\n\n\n<p>Elevii de la Liceul Sportiv din Arad s-au implicat \u00een proiectul &#8222;Cutia cu Suflet&#8221; \u0219i au donat dulciuri, juc\u0103rii \u0219i h\u0103inu\u021be pe care le-au pus, a\u0219a cum spune \u0219i titlul proiectului :&nbsp; cu mult suflet, pentru copiii nec\u0103ji\u021bi.&nbsp;<\/p>\n\n\n\n<p>&#8222;Au r\u0103spuns cu mult drag la invita\u021bia acestei ac\u021biuni caritabile cadrele didactice din ciclul primar, gimnazial \u0219i liceal de la Liceul cu Program Sportiv Arad&#8221; a precizat pentru Ghidul Ar\u0103dean, prof.\u00eenv. primar Kocsis Maria Magdalena.<\/p>\n\n\n\n<p>Aceste cadouri au fost donate de c\u0103tre p\u0103rin\u021bii elevilor \u0219i vor fi \u00eemp\u0103r\u021bite familiilor cu copii nec\u0103ji\u021bi de cei din echipa de la Cetatea Voluntarilor, care au ini\u021biat aceast\u0103 campanie denumit\u0103 &#8222;Cutia cu Suflet&#8221;.&nbsp;&nbsp;<\/p>\n\n\n\n<figure class=\"wp-block-gallery has-nested-images columns-2 is-cropped wp-block-gallery-8 is-layout-flex wp-block-gallery-is-layout-flex\">\n<figure class=\"wp-block-image size-large\"><a href=\"https:\/\/www.lpsarad.ro\/wp-content\/uploads\/2018\/12\/1545235868_336.jpg\"><img loading=\"lazy\" decoding=\"async\" width=\"800\" height=\"634\" data-id=\"1922\" src=\"https:\/\/www.lpsarad.ro\/wp-content\/uploads\/2018\/12\/1545235868_336.jpg\" alt=\"\" class=\"wp-image-1922\" srcset=\"https:\/\/www.lpsarad.ro\/wp-content\/uploads\/2018\/12\/1545235868_336.jpg 800w, https:\/\/www.lpsarad.ro\/wp-content\/uploads\/2018\/12\/1545235868_336-300x238.jpg 300w, https:\/\/www.lpsarad.ro\/wp-content\/uploads\/2018\/12\/1545235868_336-768x609.jpg 768w\" sizes=\"auto, (max-width: 800px) 100vw, 800px\" \/><\/a><\/figure>\n\n\n\n<figure class=\"wp-block-image size-large\"><a href=\"https:\/\/www.lpsarad.ro\/wp-content\/uploads\/2018\/12\/IMG-20181219-WA0003.jpg\"><img loading=\"lazy\" decoding=\"async\" width=\"1024\" height=\"576\" data-id=\"1923\" src=\"https:\/\/www.lpsarad.ro\/wp-content\/uploads\/2018\/12\/IMG-20181219-WA0003-1024x576.jpg\" alt=\"\" class=\"wp-image-1923\" srcset=\"https:\/\/www.lpsarad.ro\/wp-content\/uploads\/2018\/12\/IMG-20181219-WA0003-1024x576.jpg 1024w, https:\/\/www.lpsarad.ro\/wp-content\/uploads\/2018\/12\/IMG-20181219-WA0003-300x169.jpg 300w, https:\/\/www.lpsarad.ro\/wp-content\/uploads\/2018\/12\/IMG-20181219-WA0003-768x432.jpg 768w, https:\/\/www.lpsarad.ro\/wp-content\/uploads\/2018\/12\/IMG-20181219-WA0003.jpg 1600w\" sizes=\"auto, (max-width: 1024px) 100vw, 1024px\" \/><\/a><\/figure>\n<\/figure>\n\n\n\n<p><a rel=\"noopener noreferrer\" href=\"https:\/\/www.ghidularadean.ro\/stire\/26275\/mo%C8%99_craciun_a_ajuns_deja_la_copiii_necaji%C8%9Bi_%C8%99i_lea_dus_cutia_cu_suflet_din_partea_elevilor_de_la_liceul_cu_program_sportiv_arad.html\" target=\"_blank\">LINK ARTICOL<\/a><\/p>\n\n\n\n<hr size=\"10\" noshade=\"\"\/>\n\n\n\n<h4 class=\"wp-block-heading\"><strong>Eleva Daria Feceu, premiat\u0103 la Concursul na\u021bional de literatur\u0103 \u0219i jurnalism sportiv<\/strong><\/h4>\n\n\n\n<p>Vineri, 9 noiembrie, a avut loc gala premiilor la Concursul na\u021bional de literatur\u0103 \u0219i jurnalism sportiv \u201eUn condei numit Fair-Play\u201d. Jude\u021bul nostru a fost reprezentat de 12 elevi, dar doar eleva Daria Feceu a fost premiat\u0103 la nivel na\u021bional. Eleva a fost \u00eenso\u021bit\u0103 la festivitatea de premiere de la Bucure\u0219ti de c\u0103tre doamna prof. coordonator K\u00f6r\u00f6si Ramona, de la Liceul cu Program Sportiv Arad.<\/p>\n\n\n\n<p>At\u00e2t doamna profesor, c\u00e2t \u0219i eleva Feceu Daria au fost premiate de Simona Am\u00e2nar.<\/p>\n\n\n\n<p>Concursul na\u021bional de literatur\u0103 \u0219i jurnalism sportiv \u201eUn condei numit Fair-Play\u201d s-a desf\u0103\u0219urat pe trei sec\u021biuni, fiecare sec\u021biune desf\u0103\u0219ur\u00e2ndu-se pe trei categorii de v\u00e2rst\u0103: poezie, proz\u0103\/ fic\u021biune \u0219i cronic\u0103\/ reportaj sportiv.<\/p>\n\n\n\n<figure class=\"wp-block-image size-large\"><img loading=\"lazy\" decoding=\"async\" width=\"1024\" height=\"498\" src=\"https:\/\/www.lpsarad.ro\/wp-content\/uploads\/2020\/01\/daria-feceu-premiu-1060x515-1-1024x498.jpg\" alt=\"\" class=\"wp-image-3454\" srcset=\"https:\/\/www.lpsarad.ro\/wp-content\/uploads\/2020\/01\/daria-feceu-premiu-1060x515-1-1024x498.jpg 1024w, https:\/\/www.lpsarad.ro\/wp-content\/uploads\/2020\/01\/daria-feceu-premiu-1060x515-1-300x146.jpg 300w, https:\/\/www.lpsarad.ro\/wp-content\/uploads\/2020\/01\/daria-feceu-premiu-1060x515-1-768x373.jpg 768w, https:\/\/www.lpsarad.ro\/wp-content\/uploads\/2020\/01\/daria-feceu-premiu-1060x515-1.jpg 1060w\" sizes=\"auto, (max-width: 1024px) 100vw, 1024px\" \/><\/figure>\n\n\n\n<p><a rel=\"noreferrer noopener\" aria-label=\"LINK ARTICOL (se deschide \u00eentr-o fil\u0103 nou\u0103)\" href=\"https:\/\/specialarad.ro\/eleva-daria-feceu-premiata-la-concursul-national-de-literatura-si-jurnalism-sportiv\/\" target=\"_blank\">LINK ARTICOL<\/a><\/p>\n\n\n\n<hr size=\"10\" noshade=\"\"\/>\n\n\n\n<h4 class=\"wp-block-heading\"><strong> LPS Arad, prima la Cupa \u201eKinder\u201d<\/strong><\/h4>\n\n\n\n<p>Sala de sport a Liceului cu Program Sportiv a g\u0103zduit, miercuri, etapa jude\u021bean\u0103 a Cupei \u201eKinder+Sport\u201d. Din cele 10 unit\u0103\u021bi de \u00eenv\u0103\u021b\u0103m\u00e2nt \u00eenscrise, doar trei au onorat prima edi\u021bie a competi\u021biei ce \u00eei invit\u0103 pe elevi \u00een lumea atletismului, handbalului \u0219i baschetului. LPS Arad \u2013 profesori Ramona Korosi, Adriana Inoan \u0219i Bogdan Bondor \u2013 a reu\u0219it s\u0103 se claseze pe primul loc, la doar patru puncte de ocupanta locului secund (56, respectiv 52), Colegiul Na\u021bional \u201ePreparandia \u2013 Dimitrie \u021aichindeal\u201d, pozi\u021bia a treia revenind \u0218colii Gimnaziale \u201eIosif Moldovan\u201d.<\/p>\n\n\n\n<p>Probele au constat \u00een: s\u0103ritura \u00een lungime, \u021bintirea unor cercuri amplasate \u00een poarta de handbal \u0219i arunc\u0103ri libere.<br \/> Etapa regional\u0103 (Arad, Timi\u0219oara \u0219i Lugoj) va avea loc s\u00e2mb\u0103t\u0103, 12 mai, tot la sala LPS, iar faza final\u0103 este programat\u0103 \u00een perioada 1-3 iunie, la Centrul Olimpic \u201eSydney 2000\u201d din comuna Izvorani, jude\u021bul Ilfov.<\/p>\n\n\n\n<p><a rel=\"noreferrer noopener\" aria-label=\"LINK ARTICOL (se deschide \u00eentr-o fil\u0103 nou\u0103)\" href=\"https:\/\/www.aradon.ro\/aradon-sport-local\/lps-arad-prima-la-cupa-kinder-101246\/\" target=\"_blank\">LINK ARTICOL<\/a><\/p>\n\n\n\n<figure class=\"wp-block-image size-large\"><img loading=\"lazy\" decoding=\"async\" width=\"650\" height=\"435\" src=\"https:\/\/www.lpsarad.ro\/wp-content\/uploads\/2020\/01\/cupa-kinder-editia-i.jpg\" alt=\"\" class=\"wp-image-3474\" srcset=\"https:\/\/www.lpsarad.ro\/wp-content\/uploads\/2020\/01\/cupa-kinder-editia-i.jpg 650w, https:\/\/www.lpsarad.ro\/wp-content\/uploads\/2020\/01\/cupa-kinder-editia-i-300x201.jpg 300w\" sizes=\"auto, (max-width: 650px) 100vw, 650px\" \/><\/figure>\n\n\n\n<hr size=\"10\" noshade=\"\"\/>\n\n\n\n<h4 class=\"wp-block-heading\"> <strong>LPS Arad \u0219i-a deschis \u201epor\u021bile\u201d<\/strong><\/h4>\n\n\n\n<p>C\u00e2teva sute de elevi au trecut pragul Liceului cu Program Sportiv din Arad cu ocazia evenimentului \u201eZiua por\u021bilor deschise\u201d.<\/p>\n\n\n\n<p>Elevii din ciclul gimnazial al \u0219colilor din municipiu \u0219i jude\u021b au putut asista la demostra\u0163ii ce s-au desf\u0103\u0219urat \u00een sala \u0219i pe terenul de sport, pe pista de atletism sau pe terenul de fotbal al unit\u0103\u021bii de \u00eenv\u0103\u021b\u0103m\u00e2nt situate \u00een cartierul Bujac. \u0218colarii \u015fi profesorii LPS-ului le-au oferit oaspe\u021bilor o incursiune \u00een sporturi precum: handbal, baschet, fotbal, atletism, judo, lupte sau gimnastic\u0103, iar la final participan\u0163ii au primit o \u201epor\u0163ie de vitaminizare\u201d de la standul cu gust\u0103ri.<\/p>\n\n\n\n<p>Evenimentul de la \u201eSportiv\u201d \u2013 liceu ap\u0103rut \u00een anul 1996 \u2013 a fost onorat \u0219i de o delega\u021bie a Inspectoratului \u0218colar Jude\u021bean Arad, \u00een frunte cu Anca Stoenescu, inspectorul \u0219colar adjunct.<\/p>\n\n\n\n<p>\u201eMisiunea noastr\u0103 este s\u0103 asigur\u0103m tinerilor, printr-o educa\u0163ie de calitate, dezvoltarea fizic\u0103 armonioas\u0103, iar prin sporturile practicate de ace\u015ftia s\u0103-i reg\u0103sim \u00een loturile \u015fi echipele na\u0163ionale, s\u0103-i preg\u0103tim pentru educa\u0163ia permanent\u0103. \u00cen 14 \u0219i 15 mai \u00eei a\u0219tept\u0103m pe elevii din clasa a VIII-a la \u00eenscriere, probele sportive av\u00e2nd loc \u00een 16 mai. Oferta educa\u0163ional\u0103 poate fi consultat\u0103 \u0219i pe site-ul \u015fcolii, www.lpsarad.ro\u201d, ne-a declarat George Mandache, directorul LPS Arad, care a reu\u0219it, chiar \u00een \u201eZiua por\u021bilor deschise\u201d, o frumoas\u0103 calificare la faza final\u0103 a Olimpiadei Gimnaziilor de baschet, \u00eempreun\u0103 cu echipa feminin\u0103 a liceului ar\u0103dean.<\/p>\n\n\n\n<p><a rel=\"noreferrer noopener\" aria-label=\"LINK ARTICOL (se deschide \u00eentr-o fil\u0103 nou\u0103)\" href=\"https:\/\/www.aradon.ro\/aradon-sport-local\/lps-arad-si-a-deschis-portile-102077\/\" target=\"_blank\">LINK ARTICOL<\/a><\/p>\n\n\n\n<figure class=\"wp-block-image size-large\"><img loading=\"lazy\" decoding=\"async\" width=\"650\" height=\"435\" src=\"https:\/\/www.lpsarad.ro\/wp-content\/uploads\/2020\/01\/lps.jpg\" alt=\"\" class=\"wp-image-3476\" srcset=\"https:\/\/www.lpsarad.ro\/wp-content\/uploads\/2020\/01\/lps.jpg 650w, https:\/\/www.lpsarad.ro\/wp-content\/uploads\/2020\/01\/lps-300x201.jpg 300w\" sizes=\"auto, (max-width: 650px) 100vw, 650px\" \/><\/figure>\n\n\n\n<hr size=\"10\" noshade=\"\"\/>\n\n\n\n<h4 class=\"wp-block-heading\"> <strong>Baschetbalistele de la LPS Arad, bilet pentru final\u0103!<\/strong><\/h4>\n\n\n\n<p>Liceul cu Program Sportiv Arad a aliniat cea mai valoroas\u0103 echip\u0103 \u00een cadrul fazei zonale a Olimpiadei Gimnaziilor la baschet fete, desf\u0103\u0219urate, la \u00eenceputul acestui weekend, la sala LPS din cartierul Bujac. Fetele preg\u0103tite de prof. George Mandache \u0219i Bogdan Bondor au dep\u0103\u0219it campioanele jude\u021belor: Timi\u0219 (\u0218coala Gimnazial\u0103 Margina), scor 28-18, Hunedoara (\u0218c. Gim. \u201eAndrei \u0218aguna\u201d Deva), 30-10, \u0219i Cara\u0219-Severin (\u0218c. Gim. nr. 8 Re\u0219i\u021ba), 28-2.<\/p>\n\n\n\n<p>Toate juc\u0103toarele prezente au primit din partea Comitetul Olimpic \u0219i Sportiv Rom\u00e2n (COSR) c\u00e2te un \u0219ort \u0219i un tricou, iar echipa care va participa la turneul final (Izvorani, 20-23 mai) va fi recompensat\u0103 cu un set \u00eentreg de echipament sportiv. Din fericire pentru sportul ar\u0103dean cele pentru care se preg\u0103tesc m\u0103surile sunt ar\u0103dencele: Beatrice Durst, Melinda Barta, Sara Bonchi\u0219, Elena Damian, Bianca Dogaru, Roberta Sala, Gina Sant\u0103u, Lorena Simai, \u0218tefania Stoica, Izabela Todor \u0219i Raluca Tulcan.<\/p>\n\n\n\n<p><a rel=\"noreferrer noopener\" aria-label=\"LINK ARTICOL (se deschide \u00eentr-o fil\u0103 nou\u0103)\" href=\"https:\/\/www.aradon.ro\/aradon-sport-local\/baschetbalistele-de-la-lps-arad-bilet-pentru-finala-102173\/\" target=\"_blank\">LINK ARTICOL<\/a><\/p>\n\n\n\n<figure class=\"wp-block-image size-large\"><img loading=\"lazy\" decoding=\"async\" width=\"650\" height=\"435\" src=\"https:\/\/www.lpsarad.ro\/wp-content\/uploads\/2020\/01\/20180504_151529.jpg\" alt=\"\" class=\"wp-image-3478\" srcset=\"https:\/\/www.lpsarad.ro\/wp-content\/uploads\/2020\/01\/20180504_151529.jpg 650w, https:\/\/www.lpsarad.ro\/wp-content\/uploads\/2020\/01\/20180504_151529-300x201.jpg 300w\" sizes=\"auto, (max-width: 650px) 100vw, 650px\" \/><\/figure>\n\n\n\n<hr size=\"10\" noshade=\"\"\/>\n\n\n\n<h4 class=\"wp-block-heading\"> <strong>LPS \u0219i-a p\u0103strat suprema\u021bia \u00een Cupa \u201eSportsin\u201d<\/strong><\/h4>\n\n\n\n<p> Edi\u021bia a X-a a Cupei \u201eSportsin\u201d la baschet a str\u00e2ns la start zece echipe feminine din ciclul gimnazial, Liceul cu Program Sportiv Arad reu\u0219ind s\u0103-\u0219i adjudece trofeul. Fetele preg\u0103tite de prof. George Mandache \u0219i Bogdan Bondor au dispus \u00een semifinale de \u0218coala Gimnazial\u0103 \u021aipar, scor 35-11, iar \u00een ultimul act de \u0218c. Gim. \u201eAurel Vlaicu\u201d scor 24-12. <\/p>\n\n\n\n<p><a rel=\"noreferrer noopener\" aria-label=\"LINK ARTICOL (se deschide \u00eentr-o fil\u0103 nou\u0103)\" href=\"https:\/\/www.aradon.ro\/aradon-sport-local\/lps-si-a-pastrat-suprematia-in-cupa-sportsin-104303\/\" target=\"_blank\">LINK ARTICOL<\/a><\/p>\n\n\n\n<figure class=\"wp-block-image size-large\"><img loading=\"lazy\" decoding=\"async\" width=\"768\" height=\"472\" src=\"https:\/\/www.lpsarad.ro\/wp-content\/uploads\/2020\/01\/Baschet30-768x472-1.jpg\" alt=\"\" class=\"wp-image-3480\" srcset=\"https:\/\/www.lpsarad.ro\/wp-content\/uploads\/2020\/01\/Baschet30-768x472-1.jpg 768w, https:\/\/www.lpsarad.ro\/wp-content\/uploads\/2020\/01\/Baschet30-768x472-1-300x184.jpg 300w\" sizes=\"auto, (max-width: 768px) 100vw, 768px\" \/><\/figure>\n","protected":false},"excerpt":{"rendered":"<p>&nbsp; \u00cen a\u0219teptarea Iepura\u0219ului: micu\u021bii de le Gr\u0103dini\u021ba PP4 din Bujac au vopsit ou\u0103le Elevii Liceului cu Program Sportiv din Arad au mers cu pachete la v\u00e2rstnicii de pe Bodrogului Liceul cu Program Sportiv din Arad \u0219i-a deschis por\u021bile pentru &hellip; <a href=\"https:\/\/www.lpsarad.ro\/?page_id=1704\">Continu\u0103 s\u0103 cite\u0219ti <span class=\"meta-nav\">&rarr;<\/span><\/a><\/p>\n","protected":false},"author":1,"featured_media":0,"parent":0,"menu_order":14,"comment_status":"closed","ping_status":"closed","template":"","meta":{"footnotes":""},"class_list":["post-1704","page","type-page","status-publish","hentry"],"_links":{"self":[{"href":"https:\/\/www.lpsarad.ro\/index.php?rest_route=\/wp\/v2\/pages\/1704","targetHints":{"allow":["GET"]}}],"collection":[{"href":"https:\/\/www.lpsarad.ro\/index.php?rest_route=\/wp\/v2\/pages"}],"about":[{"href":"https:\/\/www.lpsarad.ro\/index.php?rest_route=\/wp\/v2\/types\/page"}],"author":[{"embeddable":true,"href":"https:\/\/www.lpsarad.ro\/index.php?rest_route=\/wp\/v2\/users\/1"}],"replies":[{"embeddable":true,"href":"https:\/\/www.lpsarad.ro\/index.php?rest_route=%2Fwp%2Fv2%2Fcomments&post=1704"}],"version-history":[{"count":111,"href":"https:\/\/www.lpsarad.ro\/index.php?rest_route=\/wp\/v2\/pages\/1704\/revisions"}],"predecessor-version":[{"id":5230,"href":"https:\/\/www.lpsarad.ro\/index.php?rest_route=\/wp\/v2\/pages\/1704\/revisions\/5230"}],"wp:attachment":[{"href":"https:\/\/www.lpsarad.ro\/index.php?rest_route=%2Fwp%2Fv2%2Fmedia&parent=1704"}],"curies":[{"name":"wp","href":"https:\/\/api.w.org\/{rel}","templated":true}]}}