{"id":1820,"date":"2018-12-03T09:14:20","date_gmt":"2018-12-03T07:14:20","guid":{"rendered":"http:\/\/www.lpsarad.ro\/?page_id=1820"},"modified":"2026-03-30T08:34:33","modified_gmt":"2026-03-30T05:34:33","slug":"concursuri","status":"publish","type":"page","link":"https:\/\/www.lpsarad.ro\/?page_id=1820","title":{"rendered":"Concursuri"},"content":{"rendered":"\n<p><strong>Concurs Pentatlon Liceu<\/strong><\/p>\n\n\n\n<p>Elevul Igre\u021b Leonardo-Vasile din clasa a XII-a A \u2013 locul I la concursul Pentatlon Liceu, an \u0219colar 2025-2026.<\/p>\n\n\n\n<figure class=\"wp-block-image size-large\"><a href=\"https:\/\/www.lpsarad.ro\/wp-content\/uploads\/2026\/03\/Igret-Leonardo-pentatlon.jpg\" target=\"_blank\" rel=\" noreferrer noopener\"><img loading=\"lazy\" decoding=\"async\" width=\"992\" height=\"1024\" src=\"https:\/\/www.lpsarad.ro\/wp-content\/uploads\/2026\/03\/Igret-Leonardo-pentatlon-992x1024.jpg\" alt=\"\" class=\"wp-image-5367\" srcset=\"https:\/\/www.lpsarad.ro\/wp-content\/uploads\/2026\/03\/Igret-Leonardo-pentatlon-992x1024.jpg 992w, https:\/\/www.lpsarad.ro\/wp-content\/uploads\/2026\/03\/Igret-Leonardo-pentatlon-291x300.jpg 291w, https:\/\/www.lpsarad.ro\/wp-content\/uploads\/2026\/03\/Igret-Leonardo-pentatlon-768x793.jpg 768w, https:\/\/www.lpsarad.ro\/wp-content\/uploads\/2026\/03\/Igret-Leonardo-pentatlon-1487x1536.jpg 1487w, https:\/\/www.lpsarad.ro\/wp-content\/uploads\/2026\/03\/Igret-Leonardo-pentatlon.jpg 1531w\" sizes=\"auto, (max-width: 992px) 100vw, 992px\" \/><\/a><\/figure>\n\n\n\n<hr class=\"wp-block-separator has-alpha-channel-opacity is-style-wide\"\/>\n\n\n\n<h4 class=\"wp-block-heading has-text-align-center\"><strong>Eleva Daria Feceu, premiat\u0103 la Concursul na\u021bional de literatur\u0103 \u0219i jurnalism sportiv<\/strong><\/h4>\n\n\n\n<figure class=\"wp-block-embed is-type-wp-embed is-provider-special-arad-ultimele-tiri-din-arad wp-block-embed-special-arad-ultimele-tiri-din-arad is-provider-special-arad-ultimele-\u0219tiri-din-arad\"><div class=\"wp-block-embed__wrapper\">\n<blockquote class=\"wp-embedded-content\" data-secret=\"9G1Q5CRCxP\"><a href=\"https:\/\/specialarad.ro\/eleva-daria-feceu-premiata-la-concursul-national-de-literatura-si-jurnalism-sportiv\/\">Eleva Daria Feceu, premiat\u0103 la Concursul na\u021bional de literatur\u0103 \u0219i jurnalism sportiv<\/a><\/blockquote><iframe loading=\"lazy\" class=\"wp-embedded-content\" sandbox=\"allow-scripts\" security=\"restricted\" style=\"position: absolute; visibility: hidden;\" title=\"&#8222;Eleva Daria Feceu, premiat\u0103 la Concursul na\u021bional de literatur\u0103 \u0219i jurnalism sportiv&#8221; &#8211; Special Arad \u00b7 ultimele \u0219tiri din Arad\" src=\"https:\/\/specialarad.ro\/eleva-daria-feceu-premiata-la-concursul-national-de-literatura-si-jurnalism-sportiv\/embed\/#?secret=YPcottchMI#?secret=9G1Q5CRCxP\" data-secret=\"9G1Q5CRCxP\" width=\"600\" height=\"338\" frameborder=\"0\" marginwidth=\"0\" marginheight=\"0\" scrolling=\"no\"><\/iframe>\n<\/div><\/figure>\n\n\n\n<p class=\"has-text-align-left\">Vineri, 9 noiembrie 2018, a avut loc gala premiilor la Concursul na\u021bional de literatur\u0103 \u0219i jurnalism sportiv \u201eUn condei numit Fair-Play\u201d. Jude\u021bul nostru a fost reprezentat de 12 elevi, dar doar eleva Daria Feceu a fost premiat\u0103 la nivel na\u021bional. Eleva a fost \u00eenso\u021bit\u0103 la festivitatea de premiere de la Bucure\u0219ti de c\u0103tre doamna prof. coordonator K\u00f6r\u00f6si Ramona, de la Liceul cu Program Sportiv Arad.<\/p>\n\n\n\n<p class=\"has-text-align-left\">At\u00e2t doamna profesor, c\u00e2t \u0219i eleva Feceu Daria au fost premiate de Simona Am\u00e2nar.<\/p>\n\n\n\n<p class=\"has-text-align-left\">Concursul na\u021bional de literatur\u0103 \u0219i jurnalism sportiv \u201eUn condei numit Fair-Play\u201d s-a desf\u0103\u0219urat pe trei sec\u021biuni, fiecare sec\u021biune desf\u0103\u0219ur\u00e2ndu-se pe trei categorii de v\u00e2rst\u0103: poezie, proz\u0103\/ fic\u021biune \u0219i cronic\u0103\/ reportaj sportiv.<\/p>\n\n\n\n<p class=\"has-text-align-left\">Articolul scris de Daria, intitulat &#8222;Via\u021ba unui sportiv&#8221;, poate fi g\u0103sit&nbsp;<a href=\"https:\/\/www.lpsarad.ro\/wp-content\/uploads\/2018\/11\/Articol_Eleva-Feceu-Daria-de-la-Liceul-cu-Program-Sportiv-Arad-premiat\u0103-de-Comitetul-Olimpic-\u0219i-Sportiv-Rom\u00e2n.pdf\" target=\"_blank\" rel=\"noopener noreferrer\">AICI<\/a><\/p>\n\n\n<div class=\"wp-block-image\">\n<figure class=\"aligncenter\"><a href=\"https:\/\/www.lpsarad.ro\/wp-content\/uploads\/2018\/11\/33461a47-4332-4124-b80d-a35223cf5177.jpg\"><img loading=\"lazy\" decoding=\"async\" width=\"1599\" height=\"777\" src=\"https:\/\/www.lpsarad.ro\/wp-content\/uploads\/2018\/11\/33461a47-4332-4124-b80d-a35223cf5177.jpg\" alt=\"\" class=\"wp-image-1698\" srcset=\"https:\/\/www.lpsarad.ro\/wp-content\/uploads\/2018\/11\/33461a47-4332-4124-b80d-a35223cf5177.jpg 1599w, https:\/\/www.lpsarad.ro\/wp-content\/uploads\/2018\/11\/33461a47-4332-4124-b80d-a35223cf5177-300x146.jpg 300w, https:\/\/www.lpsarad.ro\/wp-content\/uploads\/2018\/11\/33461a47-4332-4124-b80d-a35223cf5177-768x373.jpg 768w, https:\/\/www.lpsarad.ro\/wp-content\/uploads\/2018\/11\/33461a47-4332-4124-b80d-a35223cf5177-1024x498.jpg 1024w\" sizes=\"auto, (max-width: 1599px) 100vw, 1599px\" \/><\/a><\/figure>\n<\/div>\n\n<div class=\"wp-block-image\">\n<figure class=\"aligncenter\"><a href=\"https:\/\/www.lpsarad.ro\/wp-content\/uploads\/2018\/11\/cosr_festivitate.jpg\"><img loading=\"lazy\" decoding=\"async\" width=\"686\" height=\"583\" src=\"https:\/\/www.lpsarad.ro\/wp-content\/uploads\/2018\/11\/cosr_festivitate.jpg\" alt=\"\" class=\"wp-image-1699\" srcset=\"https:\/\/www.lpsarad.ro\/wp-content\/uploads\/2018\/11\/cosr_festivitate.jpg 686w, https:\/\/www.lpsarad.ro\/wp-content\/uploads\/2018\/11\/cosr_festivitate-300x255.jpg 300w\" sizes=\"auto, (max-width: 686px) 100vw, 686px\" \/><\/a><\/figure>\n<\/div>","protected":false},"excerpt":{"rendered":"<p>Concurs Pentatlon Liceu Elevul Igre\u021b Leonardo-Vasile din clasa a XII-a A \u2013 locul I la concursul Pentatlon Liceu, an \u0219colar 2025-2026. Eleva Daria Feceu, premiat\u0103 la Concursul na\u021bional de literatur\u0103 \u0219i jurnalism sportiv Vineri, 9 noiembrie 2018, a avut loc &hellip; <a href=\"https:\/\/www.lpsarad.ro\/?page_id=1820\">Continu\u0103 s\u0103 cite\u0219ti <span class=\"meta-nav\">&rarr;<\/span><\/a><\/p>\n","protected":false},"author":1,"featured_media":0,"parent":282,"menu_order":7,"comment_status":"closed","ping_status":"closed","template":"","meta":{"footnotes":""},"class_list":["post-1820","page","type-page","status-publish","hentry"],"_links":{"self":[{"href":"https:\/\/www.lpsarad.ro\/index.php?rest_route=\/wp\/v2\/pages\/1820","targetHints":{"allow":["GET"]}}],"collection":[{"href":"https:\/\/www.lpsarad.ro\/index.php?rest_route=\/wp\/v2\/pages"}],"about":[{"href":"https:\/\/www.lpsarad.ro\/index.php?rest_route=\/wp\/v2\/types\/page"}],"author":[{"embeddable":true,"href":"https:\/\/www.lpsarad.ro\/index.php?rest_route=\/wp\/v2\/users\/1"}],"replies":[{"embeddable":true,"href":"https:\/\/www.lpsarad.ro\/index.php?rest_route=%2Fwp%2Fv2%2Fcomments&post=1820"}],"version-history":[{"count":9,"href":"https:\/\/www.lpsarad.ro\/index.php?rest_route=\/wp\/v2\/pages\/1820\/revisions"}],"predecessor-version":[{"id":5373,"href":"https:\/\/www.lpsarad.ro\/index.php?rest_route=\/wp\/v2\/pages\/1820\/revisions\/5373"}],"up":[{"embeddable":true,"href":"https:\/\/www.lpsarad.ro\/index.php?rest_route=\/wp\/v2\/pages\/282"}],"wp:attachment":[{"href":"https:\/\/www.lpsarad.ro\/index.php?rest_route=%2Fwp%2Fv2%2Fmedia&parent=1820"}],"curies":[{"name":"wp","href":"https:\/\/api.w.org\/{rel}","templated":true}]}}